
{"id":2501,"date":"2021-07-27T17:37:21","date_gmt":"2021-07-27T15:37:21","guid":{"rendered":"https:\/\/ilovefruitandvegfromeurope.com\/contacts\/"},"modified":"2024-11-27T17:13:13","modified_gmt":"2024-11-27T16:13:13","slug":"kontakt","status":"publish","type":"page","link":"https:\/\/ilovefruitandvegfromeurope.com\/de\/kontakt\/","title":{"rendered":"Kontakt"},"content":{"rendered":"\n<p>Das Projekt <strong>I LOVE FRUIT &amp; VEG FROM EUROPE<\/strong> wurde entwickelt, um den Kauf und Konsum europ\u00e4ischer Obst- und Gem\u00fcseprodukte zu f\u00f6rdern und zu f\u00f6rdern, n\u00e4mlich frisches Obst und Gem\u00fcse sowie Bio-Produkte mit ggA und gU-G\u00fctesiegel.<br><br><br><br><\/p>\n\n\n\n<p><\/p>\n\n\n\n<h3 class=\"wp-block-heading has-text-align-center\">FRESHNESS &#8211; SUSTAINABILITY &#8211; QUALITY<br><br><br><\/h3>\n\n\n\n<div class=\"wp-block-columns is-layout-flex wp-container-core-columns-is-layout-1 wp-block-columns-is-layout-flex\">\n<div class=\"wp-block-column is-layout-flow wp-block-column-is-layout-flow\">\n<figure class=\"wp-block-image size-large is-resized\"><img decoding=\"async\" width=\"969\" height=\"1024\" src=\"https:\/\/ilovefruitandvegfromeurope.com\/wp-content\/uploads\/2021\/07\/logo-1-969x1024.png\" alt=\"\" class=\"wp-image-2296\" style=\"width:392px;height:416px\" srcset=\"https:\/\/ilovefruitandvegfromeurope.com\/wp-content\/uploads\/2021\/07\/logo-1-969x1024.png 969w, https:\/\/ilovefruitandvegfromeurope.com\/wp-content\/uploads\/2021\/07\/logo-1-284x300.png 284w, https:\/\/ilovefruitandvegfromeurope.com\/wp-content\/uploads\/2021\/07\/logo-1-768x812.png 768w, https:\/\/ilovefruitandvegfromeurope.com\/wp-content\/uploads\/2021\/07\/logo-1.png 1104w\" sizes=\"(max-width: 969px) 100vw, 969px\" \/><\/figure>\n<\/div>\n\n\n\n<div class=\"wp-block-column is-layout-flow wp-block-column-is-layout-flow\">\n<h3 class=\"wp-block-heading\">Hauptkontakte<\/h3>\n\n\n\n<p><strong>Email:<\/strong> info@ilovefruitandvegfromeurope.com<br><\/p>\n\n\n\n<h3 class=\"wp-block-heading\">Mit uns in Verbindung treten<\/h3>\n\n\n\n<p>Wir freuen uns \u00fcber Ihre Kommentare und Vorschl\u00e4ge, um unseren Service zu verbessern, Ihre Fragen zu beantworten und Ihnen weitere Informationen \u00fcber unsere Werbekampagne und die von uns beworbenen Produkte zukommen zu lassen.<\/p>\n\n\n\n<div class=\"wp-block-contact-form-7-contact-form-selector\">\n<div class=\"wpcf7 no-js\" id=\"wpcf7-f42148-o1\" lang=\"de-DE\" dir=\"ltr\" data-wpcf7-id=\"42148\">\n<div class=\"screen-reader-response\"><p role=\"status\" aria-live=\"polite\" aria-atomic=\"true\"><\/p> <ul><\/ul><\/div>\n<form action=\"\/de\/wp-json\/wp\/v2\/pages\/2501#wpcf7-f42148-o1\" method=\"post\" class=\"wpcf7-form init\" aria-label=\"Kontaktformular\" novalidate=\"novalidate\" data-status=\"init\">\n<div style=\"display: none;\">\n<input type=\"hidden\" name=\"_wpcf7\" value=\"42148\" \/>\n<input type=\"hidden\" name=\"_wpcf7_version\" value=\"6.0.1\" \/>\n<input type=\"hidden\" name=\"_wpcf7_locale\" value=\"de_DE\" \/>\n<input type=\"hidden\" name=\"_wpcf7_unit_tag\" value=\"wpcf7-f42148-o1\" \/>\n<input type=\"hidden\" name=\"_wpcf7_container_post\" value=\"0\" \/>\n<input type=\"hidden\" name=\"_wpcf7_posted_data_hash\" value=\"\" \/>\n<\/div>\n<div class=\"row\">\n\t<div class=\"col-lg-6 mb-3\">\n\t\t<p><label for=\"fullname\">Name<\/label><br \/>\n<span class=\"wpcf7-form-control-wrap\" data-name=\"fullname\"><input size=\"40\" maxlength=\"400\" class=\"wpcf7-form-control wpcf7-text wpcf7-validates-as-required form-control mb-0\" id=\"fullname\" aria-required=\"true\" aria-invalid=\"false\" value=\"\" type=\"text\" name=\"fullname\" \/><\/span>\n\t\t<\/p>\n\t<\/div>\n\t<div class=\"col-lg-6 mb-3\">\n\t\t<p><label for=\"email\">E-Mail<\/label><br \/>\n<span class=\"wpcf7-form-control-wrap\" data-name=\"email\"><input size=\"40\" maxlength=\"400\" class=\"wpcf7-form-control wpcf7-email wpcf7-validates-as-required wpcf7-text wpcf7-validates-as-email form-control mb-0\" id=\"email\" aria-required=\"true\" aria-invalid=\"false\" value=\"\" type=\"email\" name=\"email\" \/><\/span><span id=\"wpcf7-69f20c51d22c2-wrapper\" class=\"wpcf7-form-control-wrap repeat-email-wrap\" ><input type=\"hidden\" name=\"repeat-email-time-start\" value=\"1777470545\"><input type=\"hidden\" name=\"repeat-email-time-check\" value=\"5\"><input id=\"wpcf7-69f20c51d22c2-field\"  class=\"wpcf7-form-control wpcf7-text\" type=\"text\" name=\"repeat-email\" value=\"\" size=\"40\" tabindex=\"-1\" autocomplete=\"new-password\" \/><\/span>\n\t\t<\/p>\n\t<\/div>\n\t<div class=\"col-12 mb-3\">\n\t\t<p><label for=\"message\">Nachricht<\/label><br \/>\n<span class=\"wpcf7-form-control-wrap\" data-name=\"message\"><textarea cols=\"40\" rows=\"10\" maxlength=\"2000\" class=\"wpcf7-form-control wpcf7-textarea wpcf7-validates-as-required form-control mb-0\" id=\"message\" aria-required=\"true\" aria-invalid=\"false\" name=\"message\"><\/textarea><\/span>\n\t\t<\/p>\n\t<\/div>\n\t<div class=\"col-lg-12 mb-3\">\n\t\t<p><input class=\"wpcf7-form-control wpcf7-submit has-spinner btn btn-outline btn-primary\" id=\"contact\" type=\"submit\" value=\"Schicken\" \/>\n\t\t<\/p>\n\t<\/div>\n<\/div><div class=\"wpcf7-response-output\" aria-hidden=\"true\"><\/div>\n<\/form>\n<\/div>\n<\/div>\n<\/div>\n<\/div>\n","protected":false},"excerpt":{"rendered":"<p>Das Projekt I LOVE FRUIT &amp; VEG FROM EUROPE wurde entwickelt, um den Kauf und Konsum europ\u00e4ischer Obst- und Gem\u00fcseprodukte zu f\u00f6rdern und zu f\u00f6rdern, n\u00e4mlich frisches Obst und Gem\u00fcse sowie Bio-Produkte mit ggA und gU-G\u00fctesiegel. FRESHNESS &#8211; SUSTAINABILITY &#8211; QUALITY Hauptkontakte Email: info@ilovefruitandvegfromeurope.com Mit uns in Verbindung treten Wir freuen uns \u00fcber Ihre Kommentare<\/p>\n","protected":false},"author":1,"featured_media":2258,"parent":0,"menu_order":0,"comment_status":"closed","ping_status":"closed","template":"","meta":{"_acf_changed":false,"footnotes":""},"class_list":["post-2501","page","type-page","status-publish","has-post-thumbnail","hentry"],"acf":[],"yoast_head":"<!-- This site is optimized with the Yoast SEO plugin v24.1 - https:\/\/yoast.com\/wordpress\/plugins\/seo\/ -->\n<title>Kontakt - I Love Fruit And Veg From Europe<\/title>\n<meta name=\"description\" content=\"The I LOVE FRUIT &amp; VEG FROM EUROPE project has been designed to promote and encourage the purchase and consumption of European fruit and vegetable products,\" \/>\n<meta name=\"robots\" content=\"index, follow, max-snippet:-1, max-image-preview:large, max-video-preview:-1\" \/>\n<link rel=\"canonical\" href=\"https:\/\/ilovefruitandvegfromeurope.com\/de\/kontakt\/\" \/>\n<meta property=\"og:locale\" content=\"de_DE\" \/>\n<meta property=\"og:type\" content=\"article\" \/>\n<meta property=\"og:title\" content=\"Kontakt - I Love Fruit And Veg From Europe\" \/>\n<meta property=\"og:description\" content=\"The I LOVE FRUIT &amp; VEG FROM EUROPE project has been designed to promote and encourage the purchase and consumption of European fruit and vegetable products,\" \/>\n<meta property=\"og:url\" content=\"https:\/\/ilovefruitandvegfromeurope.com\/de\/kontakt\/\" \/>\n<meta property=\"og:site_name\" content=\"I Love Fruit And Veg From Europe\" \/>\n<meta property=\"article:modified_time\" content=\"2024-11-27T16:13:13+00:00\" \/>\n<meta property=\"og:image\" content=\"https:\/\/ilovefruitandvegfromeurope.com\/wp-content\/uploads\/2021\/07\/Progetto-senza-titolo.png\" \/>\n\t<meta property=\"og:image:width\" content=\"1200\" \/>\n\t<meta property=\"og:image:height\" content=\"670\" \/>\n\t<meta property=\"og:image:type\" content=\"image\/png\" \/>\n<meta name=\"twitter:card\" content=\"summary_large_image\" \/>\n<meta name=\"twitter:label1\" content=\"Gesch\u00e4tzte Lesezeit\" \/>\n\t<meta name=\"twitter:data1\" content=\"3\u00a0Minuten\" \/>\n<script type=\"application\/ld+json\" class=\"yoast-schema-graph\">{\"@context\":\"https:\/\/schema.org\",\"@graph\":[{\"@type\":\"WebPage\",\"@id\":\"https:\/\/ilovefruitandvegfromeurope.com\/de\/kontakt\/\",\"url\":\"https:\/\/ilovefruitandvegfromeurope.com\/de\/kontakt\/\",\"name\":\"Kontakt - I Love Fruit And Veg From Europe\",\"isPartOf\":{\"@id\":\"https:\/\/ilovefruitandvegfromeurope.com\/de\/#website\"},\"primaryImageOfPage\":{\"@id\":\"https:\/\/ilovefruitandvegfromeurope.com\/de\/kontakt\/#primaryimage\"},\"image\":{\"@id\":\"https:\/\/ilovefruitandvegfromeurope.com\/de\/kontakt\/#primaryimage\"},\"thumbnailUrl\":\"https:\/\/ilovefruitandvegfromeurope.com\/wp-content\/uploads\/2021\/07\/Progetto-senza-titolo.png\",\"datePublished\":\"2021-07-27T15:37:21+00:00\",\"dateModified\":\"2024-11-27T16:13:13+00:00\",\"description\":\"The I LOVE FRUIT & VEG FROM EUROPE project has been designed to promote and encourage the purchase and consumption of European fruit and vegetable products,\",\"breadcrumb\":{\"@id\":\"https:\/\/ilovefruitandvegfromeurope.com\/de\/kontakt\/#breadcrumb\"},\"inLanguage\":\"de\",\"potentialAction\":[{\"@type\":\"ReadAction\",\"target\":[\"https:\/\/ilovefruitandvegfromeurope.com\/de\/kontakt\/\"]}]},{\"@type\":\"ImageObject\",\"inLanguage\":\"de\",\"@id\":\"https:\/\/ilovefruitandvegfromeurope.com\/de\/kontakt\/#primaryimage\",\"url\":\"https:\/\/ilovefruitandvegfromeurope.com\/wp-content\/uploads\/2021\/07\/Progetto-senza-titolo.png\",\"contentUrl\":\"https:\/\/ilovefruitandvegfromeurope.com\/wp-content\/uploads\/2021\/07\/Progetto-senza-titolo.png\",\"width\":1200,\"height\":670},{\"@type\":\"BreadcrumbList\",\"@id\":\"https:\/\/ilovefruitandvegfromeurope.com\/de\/kontakt\/#breadcrumb\",\"itemListElement\":[{\"@type\":\"ListItem\",\"position\":1,\"name\":\"Home\",\"item\":\"https:\/\/ilovefruitandvegfromeurope.com\/de\/\"},{\"@type\":\"ListItem\",\"position\":2,\"name\":\"Kontakt\"}]},{\"@type\":\"WebSite\",\"@id\":\"https:\/\/ilovefruitandvegfromeurope.com\/de\/#website\",\"url\":\"https:\/\/ilovefruitandvegfromeurope.com\/de\/\",\"name\":\"I Love Fruit And Veg From Europe\",\"description\":\"I Love Fruit And Veg From Europe: I Choose Fresh And Fair\",\"publisher\":{\"@id\":\"https:\/\/ilovefruitandvegfromeurope.com\/de\/#organization\"},\"potentialAction\":[{\"@type\":\"SearchAction\",\"target\":{\"@type\":\"EntryPoint\",\"urlTemplate\":\"https:\/\/ilovefruitandvegfromeurope.com\/de\/?s={search_term_string}\"},\"query-input\":{\"@type\":\"PropertyValueSpecification\",\"valueRequired\":true,\"valueName\":\"search_term_string\"}}],\"inLanguage\":\"de\"},{\"@type\":\"Organization\",\"@id\":\"https:\/\/ilovefruitandvegfromeurope.com\/de\/#organization\",\"name\":\"I Love Fruit And Veg From Europe\",\"url\":\"https:\/\/ilovefruitandvegfromeurope.com\/de\/\",\"logo\":{\"@type\":\"ImageObject\",\"inLanguage\":\"de\",\"@id\":\"https:\/\/ilovefruitandvegfromeurope.com\/de\/#\/schema\/logo\/image\/\",\"url\":\"https:\/\/ilovefruitandvegfromeurope.com\/wp-content\/uploads\/2021\/07\/logo.png\",\"contentUrl\":\"https:\/\/ilovefruitandvegfromeurope.com\/wp-content\/uploads\/2021\/07\/logo.png\",\"width\":248,\"height\":62,\"caption\":\"I Love Fruit And Veg From Europe\"},\"image\":{\"@id\":\"https:\/\/ilovefruitandvegfromeurope.com\/de\/#\/schema\/logo\/image\/\"}}]}<\/script>\n<!-- \/ Yoast SEO plugin. -->","yoast_head_json":{"title":"Kontakt - I Love Fruit And Veg From Europe","description":"The I LOVE FRUIT & VEG FROM EUROPE project has been designed to promote and encourage the purchase and consumption of European fruit and vegetable products,","robots":{"index":"index","follow":"follow","max-snippet":"max-snippet:-1","max-image-preview":"max-image-preview:large","max-video-preview":"max-video-preview:-1"},"canonical":"https:\/\/ilovefruitandvegfromeurope.com\/de\/kontakt\/","og_locale":"de_DE","og_type":"article","og_title":"Kontakt - I Love Fruit And Veg From Europe","og_description":"The I LOVE FRUIT & VEG FROM EUROPE project has been designed to promote and encourage the purchase and consumption of European fruit and vegetable products,","og_url":"https:\/\/ilovefruitandvegfromeurope.com\/de\/kontakt\/","og_site_name":"I Love Fruit And Veg From Europe","article_modified_time":"2024-11-27T16:13:13+00:00","og_image":[{"width":1200,"height":670,"url":"https:\/\/ilovefruitandvegfromeurope.com\/wp-content\/uploads\/2021\/07\/Progetto-senza-titolo.png","type":"image\/png"}],"twitter_card":"summary_large_image","twitter_misc":{"Gesch\u00e4tzte Lesezeit":"3\u00a0Minuten"},"schema":{"@context":"https:\/\/schema.org","@graph":[{"@type":"WebPage","@id":"https:\/\/ilovefruitandvegfromeurope.com\/de\/kontakt\/","url":"https:\/\/ilovefruitandvegfromeurope.com\/de\/kontakt\/","name":"Kontakt - I Love Fruit And Veg From Europe","isPartOf":{"@id":"https:\/\/ilovefruitandvegfromeurope.com\/de\/#website"},"primaryImageOfPage":{"@id":"https:\/\/ilovefruitandvegfromeurope.com\/de\/kontakt\/#primaryimage"},"image":{"@id":"https:\/\/ilovefruitandvegfromeurope.com\/de\/kontakt\/#primaryimage"},"thumbnailUrl":"https:\/\/ilovefruitandvegfromeurope.com\/wp-content\/uploads\/2021\/07\/Progetto-senza-titolo.png","datePublished":"2021-07-27T15:37:21+00:00","dateModified":"2024-11-27T16:13:13+00:00","description":"The I LOVE FRUIT & VEG FROM EUROPE project has been designed to promote and encourage the purchase and consumption of European fruit and vegetable products,","breadcrumb":{"@id":"https:\/\/ilovefruitandvegfromeurope.com\/de\/kontakt\/#breadcrumb"},"inLanguage":"de","potentialAction":[{"@type":"ReadAction","target":["https:\/\/ilovefruitandvegfromeurope.com\/de\/kontakt\/"]}]},{"@type":"ImageObject","inLanguage":"de","@id":"https:\/\/ilovefruitandvegfromeurope.com\/de\/kontakt\/#primaryimage","url":"https:\/\/ilovefruitandvegfromeurope.com\/wp-content\/uploads\/2021\/07\/Progetto-senza-titolo.png","contentUrl":"https:\/\/ilovefruitandvegfromeurope.com\/wp-content\/uploads\/2021\/07\/Progetto-senza-titolo.png","width":1200,"height":670},{"@type":"BreadcrumbList","@id":"https:\/\/ilovefruitandvegfromeurope.com\/de\/kontakt\/#breadcrumb","itemListElement":[{"@type":"ListItem","position":1,"name":"Home","item":"https:\/\/ilovefruitandvegfromeurope.com\/de\/"},{"@type":"ListItem","position":2,"name":"Kontakt"}]},{"@type":"WebSite","@id":"https:\/\/ilovefruitandvegfromeurope.com\/de\/#website","url":"https:\/\/ilovefruitandvegfromeurope.com\/de\/","name":"I Love Fruit And Veg From Europe","description":"I Love Fruit And Veg From Europe: I Choose Fresh And Fair","publisher":{"@id":"https:\/\/ilovefruitandvegfromeurope.com\/de\/#organization"},"potentialAction":[{"@type":"SearchAction","target":{"@type":"EntryPoint","urlTemplate":"https:\/\/ilovefruitandvegfromeurope.com\/de\/?s={search_term_string}"},"query-input":{"@type":"PropertyValueSpecification","valueRequired":true,"valueName":"search_term_string"}}],"inLanguage":"de"},{"@type":"Organization","@id":"https:\/\/ilovefruitandvegfromeurope.com\/de\/#organization","name":"I Love Fruit And Veg From Europe","url":"https:\/\/ilovefruitandvegfromeurope.com\/de\/","logo":{"@type":"ImageObject","inLanguage":"de","@id":"https:\/\/ilovefruitandvegfromeurope.com\/de\/#\/schema\/logo\/image\/","url":"https:\/\/ilovefruitandvegfromeurope.com\/wp-content\/uploads\/2021\/07\/logo.png","contentUrl":"https:\/\/ilovefruitandvegfromeurope.com\/wp-content\/uploads\/2021\/07\/logo.png","width":248,"height":62,"caption":"I Love Fruit And Veg From Europe"},"image":{"@id":"https:\/\/ilovefruitandvegfromeurope.com\/de\/#\/schema\/logo\/image\/"}}]}},"_links":{"self":[{"href":"https:\/\/ilovefruitandvegfromeurope.com\/de\/wp-json\/wp\/v2\/pages\/2501","targetHints":{"allow":["GET"]}}],"collection":[{"href":"https:\/\/ilovefruitandvegfromeurope.com\/de\/wp-json\/wp\/v2\/pages"}],"about":[{"href":"https:\/\/ilovefruitandvegfromeurope.com\/de\/wp-json\/wp\/v2\/types\/page"}],"author":[{"embeddable":true,"href":"https:\/\/ilovefruitandvegfromeurope.com\/de\/wp-json\/wp\/v2\/users\/1"}],"replies":[{"embeddable":true,"href":"https:\/\/ilovefruitandvegfromeurope.com\/de\/wp-json\/wp\/v2\/comments?post=2501"}],"version-history":[{"count":3,"href":"https:\/\/ilovefruitandvegfromeurope.com\/de\/wp-json\/wp\/v2\/pages\/2501\/revisions"}],"predecessor-version":[{"id":42150,"href":"https:\/\/ilovefruitandvegfromeurope.com\/de\/wp-json\/wp\/v2\/pages\/2501\/revisions\/42150"}],"wp:featuredmedia":[{"embeddable":true,"href":"https:\/\/ilovefruitandvegfromeurope.com\/de\/wp-json\/wp\/v2\/media\/2258"}],"wp:attachment":[{"href":"https:\/\/ilovefruitandvegfromeurope.com\/de\/wp-json\/wp\/v2\/media?parent=2501"}],"curies":[{"name":"wp","href":"https:\/\/api.w.org\/{rel}","templated":true}]}}