
{"id":1001,"date":"2021-07-07T19:27:11","date_gmt":"2021-07-07T17:27:11","guid":{"rendered":"https:\/\/ilovefruitandvegfromeurope.com\/food-safey\/"},"modified":"2021-07-16T10:21:38","modified_gmt":"2021-07-16T08:21:38","slug":"la-securite-alimentaire","status":"publish","type":"page","link":"https:\/\/ilovefruitandvegfromeurope.com\/fr\/la-securite-alimentaire\/","title":{"rendered":"La s\u00e9curit\u00e9 alimentaire"},"content":{"rendered":"\n<p>La <strong>s\u00e9curit\u00e9 alimentaire<\/strong> et la <strong>qualit\u00e9 des produits alimentaires<\/strong> ont toujours \u00e9t\u00e9 de la plus haute importance pour l&rsquo;Italie et l&rsquo;Union europ\u00e9enne. <\/p>\n\n\n\n<p>Pour assurer aux consommateurs un niveau \u00e9lev\u00e9 de s\u00e9curit\u00e9 alimentaire et prot\u00e9ger le secteur agroalimentaire des crises r\u00e9currentes, l&rsquo;UE a adopt\u00e9 la strat\u00e9gie de la ferme \u00e0 la fourchette tout au long de la cha\u00eene alimentaire, avec un <strong>syst\u00e8me de contr\u00f4le int\u00e9gr\u00e9<\/strong>.&nbsp; <\/p>\n\n\n\n<p>Ceci est bas\u00e9 sur une combinaison d&rsquo;exigences \u00e9lev\u00e9es pour les produits agroalimentaires &#8211; \u00e0 la fois pour la <em>sant\u00e9 (humaine) ainsi que pour le bien-\u00eatre animal et v\u00e9g\u00e9tal <\/em>&#8211; cela est vrai, qu&rsquo;ils soient produits dans l&rsquo;UE ou import\u00e9s.<\/p>\n\n\n\n<p>Tous les \u00c9tats membres doivent respecter les m\u00eames crit\u00e8res; les contr\u00f4les alimentaires et sanitaires sont effectu\u00e9s selon les m\u00eames normes dans toute l&rsquo;UE. <\/p>\n\n\n\n<p>Cette harmonisation des exigences de s\u00e9curit\u00e9 permet la libre circulation d&rsquo;aliments s\u00fbrs, contribuant de mani\u00e8re significative au bien-\u00eatre des citoyens et \u00e0 leurs int\u00e9r\u00eats sociaux et \u00e9conomiques.<\/p>\n\n\n\n<p>Les grands principes de la r\u00e9glementation alimentaire sont :<\/p>\n\n\n\n<ul class=\"wp-block-list\"><li>contr\u00f4les int\u00e9gr\u00e9s tout au long de la <strong>cha\u00eene alimentaire<\/strong><\/li><li>interventions bas\u00e9es sur l&rsquo;<strong>analyse des risques<\/strong><\/li><li><strong>responsabilit\u00e9 premi\u00e8re<\/strong> de chaque op\u00e9rateur de la fili\u00e8re pour chaque produit fabriqu\u00e9, transform\u00e9, import\u00e9, commercialis\u00e9 ou distribu\u00e9<\/li><li><strong>tra\u00e7abilit\u00e9<\/strong> du produit tout au long de la cha\u00eene alimentaire<\/li><li>le consommateur en tant qu&rsquo;<strong>acteur actif<\/strong> de la s\u00e9curit\u00e9 alimentaire.<\/li><\/ul>\n","protected":false},"excerpt":{"rendered":"<p>La s\u00e9curit\u00e9 alimentaire et la qualit\u00e9 des produits alimentaires ont toujours \u00e9t\u00e9 de la plus haute importance pour l&rsquo;Italie et l&rsquo;Union europ\u00e9enne. Pour assurer aux consommateurs un niveau \u00e9lev\u00e9 de s\u00e9curit\u00e9 alimentaire et prot\u00e9ger le secteur agroalimentaire des crises r\u00e9currentes, l&rsquo;UE a adopt\u00e9 la strat\u00e9gie de la ferme \u00e0 la fourchette tout au long de<\/p>\n","protected":false},"author":2,"featured_media":1002,"parent":0,"menu_order":0,"comment_status":"closed","ping_status":"closed","template":"","meta":{"_acf_changed":false,"footnotes":""},"class_list":["post-1001","page","type-page","status-publish","has-post-thumbnail","hentry"],"acf":[],"yoast_head":"<!-- This site is optimized with the Yoast SEO plugin v24.1 - https:\/\/yoast.com\/wordpress\/plugins\/seo\/ -->\n<title>La s\u00e9curit\u00e9 alimentaire et qualit\u00e9 des produits alimentaires : en savoir plus.<\/title>\n<meta name=\"description\" content=\"La s\u00e9curit\u00e9 alimentaire et la qualit\u00e9 des produits alimentaires sont d&#039;une importance primordiale pour l&#039;Italie et l&#039;Union europ\u00e9enne.\" \/>\n<meta name=\"robots\" content=\"index, follow, max-snippet:-1, max-image-preview:large, max-video-preview:-1\" \/>\n<link rel=\"canonical\" href=\"https:\/\/ilovefruitandvegfromeurope.com\/fr\/la-securite-alimentaire\/\" \/>\n<meta property=\"og:locale\" content=\"fr_FR\" \/>\n<meta property=\"og:type\" content=\"article\" \/>\n<meta property=\"og:title\" content=\"La s\u00e9curit\u00e9 alimentaire et qualit\u00e9 des produits alimentaires : en savoir plus.\" \/>\n<meta property=\"og:description\" content=\"La s\u00e9curit\u00e9 alimentaire et la qualit\u00e9 des produits alimentaires sont d&#039;une importance primordiale pour l&#039;Italie et l&#039;Union europ\u00e9enne.\" \/>\n<meta property=\"og:url\" content=\"https:\/\/ilovefruitandvegfromeurope.com\/fr\/la-securite-alimentaire\/\" \/>\n<meta property=\"og:site_name\" content=\"I Love Fruit And Veg From Europe\" \/>\n<meta property=\"article:modified_time\" content=\"2021-07-16T08:21:38+00:00\" \/>\n<meta property=\"og:image\" content=\"https:\/\/ilovefruitandvegfromeurope.com\/wp-content\/uploads\/2021\/07\/My-Post-2.png\" \/>\n\t<meta property=\"og:image:width\" content=\"1024\" \/>\n\t<meta property=\"og:image:height\" content=\"512\" \/>\n\t<meta property=\"og:image:type\" content=\"image\/png\" \/>\n<meta name=\"twitter:card\" content=\"summary_large_image\" \/>\n<meta name=\"twitter:label1\" content=\"Dur\u00e9e de lecture estim\u00e9e\" \/>\n\t<meta name=\"twitter:data1\" content=\"1 minute\" \/>\n<script type=\"application\/ld+json\" class=\"yoast-schema-graph\">{\"@context\":\"https:\/\/schema.org\",\"@graph\":[{\"@type\":\"WebPage\",\"@id\":\"https:\/\/ilovefruitandvegfromeurope.com\/fr\/la-securite-alimentaire\/\",\"url\":\"https:\/\/ilovefruitandvegfromeurope.com\/fr\/la-securite-alimentaire\/\",\"name\":\"La s\u00e9curit\u00e9 alimentaire et qualit\u00e9 des produits alimentaires : en savoir plus.\",\"isPartOf\":{\"@id\":\"https:\/\/ilovefruitandvegfromeurope.com\/fr\/#website\"},\"primaryImageOfPage\":{\"@id\":\"https:\/\/ilovefruitandvegfromeurope.com\/fr\/la-securite-alimentaire\/#primaryimage\"},\"image\":{\"@id\":\"https:\/\/ilovefruitandvegfromeurope.com\/fr\/la-securite-alimentaire\/#primaryimage\"},\"thumbnailUrl\":\"https:\/\/ilovefruitandvegfromeurope.com\/wp-content\/uploads\/2021\/07\/My-Post-2.png\",\"datePublished\":\"2021-07-07T17:27:11+00:00\",\"dateModified\":\"2021-07-16T08:21:38+00:00\",\"description\":\"La s\u00e9curit\u00e9 alimentaire et la qualit\u00e9 des produits alimentaires sont d'une importance primordiale pour l'Italie et l'Union europ\u00e9enne.\",\"breadcrumb\":{\"@id\":\"https:\/\/ilovefruitandvegfromeurope.com\/fr\/la-securite-alimentaire\/#breadcrumb\"},\"inLanguage\":\"fr-FR\",\"potentialAction\":[{\"@type\":\"ReadAction\",\"target\":[\"https:\/\/ilovefruitandvegfromeurope.com\/fr\/la-securite-alimentaire\/\"]}]},{\"@type\":\"ImageObject\",\"inLanguage\":\"fr-FR\",\"@id\":\"https:\/\/ilovefruitandvegfromeurope.com\/fr\/la-securite-alimentaire\/#primaryimage\",\"url\":\"https:\/\/ilovefruitandvegfromeurope.com\/wp-content\/uploads\/2021\/07\/My-Post-2.png\",\"contentUrl\":\"https:\/\/ilovefruitandvegfromeurope.com\/wp-content\/uploads\/2021\/07\/My-Post-2.png\",\"width\":1024,\"height\":512},{\"@type\":\"BreadcrumbList\",\"@id\":\"https:\/\/ilovefruitandvegfromeurope.com\/fr\/la-securite-alimentaire\/#breadcrumb\",\"itemListElement\":[{\"@type\":\"ListItem\",\"position\":1,\"name\":\"Home\",\"item\":\"https:\/\/ilovefruitandvegfromeurope.com\/fr\/\"},{\"@type\":\"ListItem\",\"position\":2,\"name\":\"La s\u00e9curit\u00e9 alimentaire\"}]},{\"@type\":\"WebSite\",\"@id\":\"https:\/\/ilovefruitandvegfromeurope.com\/fr\/#website\",\"url\":\"https:\/\/ilovefruitandvegfromeurope.com\/fr\/\",\"name\":\"I Love Fruit And Veg From Europe\",\"description\":\"I Love Fruit And Veg From Europe: I Choose Fresh And Fair\",\"publisher\":{\"@id\":\"https:\/\/ilovefruitandvegfromeurope.com\/fr\/#organization\"},\"potentialAction\":[{\"@type\":\"SearchAction\",\"target\":{\"@type\":\"EntryPoint\",\"urlTemplate\":\"https:\/\/ilovefruitandvegfromeurope.com\/fr\/?s={search_term_string}\"},\"query-input\":{\"@type\":\"PropertyValueSpecification\",\"valueRequired\":true,\"valueName\":\"search_term_string\"}}],\"inLanguage\":\"fr-FR\"},{\"@type\":\"Organization\",\"@id\":\"https:\/\/ilovefruitandvegfromeurope.com\/fr\/#organization\",\"name\":\"I Love Fruit And Veg From Europe\",\"url\":\"https:\/\/ilovefruitandvegfromeurope.com\/fr\/\",\"logo\":{\"@type\":\"ImageObject\",\"inLanguage\":\"fr-FR\",\"@id\":\"https:\/\/ilovefruitandvegfromeurope.com\/fr\/#\/schema\/logo\/image\/\",\"url\":\"https:\/\/ilovefruitandvegfromeurope.com\/wp-content\/uploads\/2021\/07\/logo.png\",\"contentUrl\":\"https:\/\/ilovefruitandvegfromeurope.com\/wp-content\/uploads\/2021\/07\/logo.png\",\"width\":248,\"height\":62,\"caption\":\"I Love Fruit And Veg From Europe\"},\"image\":{\"@id\":\"https:\/\/ilovefruitandvegfromeurope.com\/fr\/#\/schema\/logo\/image\/\"}}]}<\/script>\n<!-- \/ Yoast SEO plugin. -->","yoast_head_json":{"title":"La s\u00e9curit\u00e9 alimentaire et qualit\u00e9 des produits alimentaires : en savoir plus.","description":"La s\u00e9curit\u00e9 alimentaire et la qualit\u00e9 des produits alimentaires sont d'une importance primordiale pour l'Italie et l'Union europ\u00e9enne.","robots":{"index":"index","follow":"follow","max-snippet":"max-snippet:-1","max-image-preview":"max-image-preview:large","max-video-preview":"max-video-preview:-1"},"canonical":"https:\/\/ilovefruitandvegfromeurope.com\/fr\/la-securite-alimentaire\/","og_locale":"fr_FR","og_type":"article","og_title":"La s\u00e9curit\u00e9 alimentaire et qualit\u00e9 des produits alimentaires : en savoir plus.","og_description":"La s\u00e9curit\u00e9 alimentaire et la qualit\u00e9 des produits alimentaires sont d'une importance primordiale pour l'Italie et l'Union europ\u00e9enne.","og_url":"https:\/\/ilovefruitandvegfromeurope.com\/fr\/la-securite-alimentaire\/","og_site_name":"I Love Fruit And Veg From Europe","article_modified_time":"2021-07-16T08:21:38+00:00","og_image":[{"width":1024,"height":512,"url":"https:\/\/ilovefruitandvegfromeurope.com\/wp-content\/uploads\/2021\/07\/My-Post-2.png","type":"image\/png"}],"twitter_card":"summary_large_image","twitter_misc":{"Dur\u00e9e de lecture estim\u00e9e":"1 minute"},"schema":{"@context":"https:\/\/schema.org","@graph":[{"@type":"WebPage","@id":"https:\/\/ilovefruitandvegfromeurope.com\/fr\/la-securite-alimentaire\/","url":"https:\/\/ilovefruitandvegfromeurope.com\/fr\/la-securite-alimentaire\/","name":"La s\u00e9curit\u00e9 alimentaire et qualit\u00e9 des produits alimentaires : en savoir plus.","isPartOf":{"@id":"https:\/\/ilovefruitandvegfromeurope.com\/fr\/#website"},"primaryImageOfPage":{"@id":"https:\/\/ilovefruitandvegfromeurope.com\/fr\/la-securite-alimentaire\/#primaryimage"},"image":{"@id":"https:\/\/ilovefruitandvegfromeurope.com\/fr\/la-securite-alimentaire\/#primaryimage"},"thumbnailUrl":"https:\/\/ilovefruitandvegfromeurope.com\/wp-content\/uploads\/2021\/07\/My-Post-2.png","datePublished":"2021-07-07T17:27:11+00:00","dateModified":"2021-07-16T08:21:38+00:00","description":"La s\u00e9curit\u00e9 alimentaire et la qualit\u00e9 des produits alimentaires sont d'une importance primordiale pour l'Italie et l'Union europ\u00e9enne.","breadcrumb":{"@id":"https:\/\/ilovefruitandvegfromeurope.com\/fr\/la-securite-alimentaire\/#breadcrumb"},"inLanguage":"fr-FR","potentialAction":[{"@type":"ReadAction","target":["https:\/\/ilovefruitandvegfromeurope.com\/fr\/la-securite-alimentaire\/"]}]},{"@type":"ImageObject","inLanguage":"fr-FR","@id":"https:\/\/ilovefruitandvegfromeurope.com\/fr\/la-securite-alimentaire\/#primaryimage","url":"https:\/\/ilovefruitandvegfromeurope.com\/wp-content\/uploads\/2021\/07\/My-Post-2.png","contentUrl":"https:\/\/ilovefruitandvegfromeurope.com\/wp-content\/uploads\/2021\/07\/My-Post-2.png","width":1024,"height":512},{"@type":"BreadcrumbList","@id":"https:\/\/ilovefruitandvegfromeurope.com\/fr\/la-securite-alimentaire\/#breadcrumb","itemListElement":[{"@type":"ListItem","position":1,"name":"Home","item":"https:\/\/ilovefruitandvegfromeurope.com\/fr\/"},{"@type":"ListItem","position":2,"name":"La s\u00e9curit\u00e9 alimentaire"}]},{"@type":"WebSite","@id":"https:\/\/ilovefruitandvegfromeurope.com\/fr\/#website","url":"https:\/\/ilovefruitandvegfromeurope.com\/fr\/","name":"I Love Fruit And Veg From Europe","description":"I Love Fruit And Veg From Europe: I Choose Fresh And Fair","publisher":{"@id":"https:\/\/ilovefruitandvegfromeurope.com\/fr\/#organization"},"potentialAction":[{"@type":"SearchAction","target":{"@type":"EntryPoint","urlTemplate":"https:\/\/ilovefruitandvegfromeurope.com\/fr\/?s={search_term_string}"},"query-input":{"@type":"PropertyValueSpecification","valueRequired":true,"valueName":"search_term_string"}}],"inLanguage":"fr-FR"},{"@type":"Organization","@id":"https:\/\/ilovefruitandvegfromeurope.com\/fr\/#organization","name":"I Love Fruit And Veg From Europe","url":"https:\/\/ilovefruitandvegfromeurope.com\/fr\/","logo":{"@type":"ImageObject","inLanguage":"fr-FR","@id":"https:\/\/ilovefruitandvegfromeurope.com\/fr\/#\/schema\/logo\/image\/","url":"https:\/\/ilovefruitandvegfromeurope.com\/wp-content\/uploads\/2021\/07\/logo.png","contentUrl":"https:\/\/ilovefruitandvegfromeurope.com\/wp-content\/uploads\/2021\/07\/logo.png","width":248,"height":62,"caption":"I Love Fruit And Veg From Europe"},"image":{"@id":"https:\/\/ilovefruitandvegfromeurope.com\/fr\/#\/schema\/logo\/image\/"}}]}},"_links":{"self":[{"href":"https:\/\/ilovefruitandvegfromeurope.com\/fr\/wp-json\/wp\/v2\/pages\/1001","targetHints":{"allow":["GET"]}}],"collection":[{"href":"https:\/\/ilovefruitandvegfromeurope.com\/fr\/wp-json\/wp\/v2\/pages"}],"about":[{"href":"https:\/\/ilovefruitandvegfromeurope.com\/fr\/wp-json\/wp\/v2\/types\/page"}],"author":[{"embeddable":true,"href":"https:\/\/ilovefruitandvegfromeurope.com\/fr\/wp-json\/wp\/v2\/users\/2"}],"replies":[{"embeddable":true,"href":"https:\/\/ilovefruitandvegfromeurope.com\/fr\/wp-json\/wp\/v2\/comments?post=1001"}],"version-history":[{"count":2,"href":"https:\/\/ilovefruitandvegfromeurope.com\/fr\/wp-json\/wp\/v2\/pages\/1001\/revisions"}],"predecessor-version":[{"id":1014,"href":"https:\/\/ilovefruitandvegfromeurope.com\/fr\/wp-json\/wp\/v2\/pages\/1001\/revisions\/1014"}],"wp:featuredmedia":[{"embeddable":true,"href":"https:\/\/ilovefruitandvegfromeurope.com\/fr\/wp-json\/wp\/v2\/media\/1002"}],"wp:attachment":[{"href":"https:\/\/ilovefruitandvegfromeurope.com\/fr\/wp-json\/wp\/v2\/media?parent=1001"}],"curies":[{"name":"wp","href":"https:\/\/api.w.org\/{rel}","templated":true}]}}