
{"id":25922,"date":"2021-09-10T09:41:51","date_gmt":"2021-09-10T07:41:51","guid":{"rendered":"https:\/\/ilovefruitandvegfromeurope.com\/promo\/"},"modified":"2021-09-10T09:41:51","modified_gmt":"2021-09-10T07:41:51","slug":"promo","status":"publish","type":"page","link":"https:\/\/ilovefruitandvegfromeurope.com\/fr_ca\/promo\/","title":{"rendered":"Promo"},"content":{"rendered":"\n<h4 class=\"wp-block-heading\"><span style=\"color:#006633\" class=\"has-inline-color\">MAT\u00c9RIEL PROMOTIONNEL<\/span><\/h4>\n\n\n\n<div class=\"wp-block-columns is-layout-flex wp-container-core-columns-is-layout-4 wp-block-columns-is-layout-flex\">\n<div class=\"wp-block-column is-layout-flow wp-block-column-is-layout-flow\" style=\"flex-basis:100%\">\n<div class=\"wp-block-columns is-layout-flex wp-container-core-columns-is-layout-1 wp-block-columns-is-layout-flex\">\n<div class=\"wp-block-column is-layout-flow wp-block-column-is-layout-flow\">\n<figure class=\"wp-block-image size-large is-resized\"><img decoding=\"async\" src=\"https:\/\/ilovefruitandvegfromeurope.com\/wp-content\/uploads\/2021\/09\/IMG-1076-768x1024.jpg\" alt=\"Brochure Fruit&amp;Veg\" class=\"wp-image-4309\" width=\"384\" height=\"512\" srcset=\"https:\/\/ilovefruitandvegfromeurope.com\/wp-content\/uploads\/2021\/09\/IMG-1076-768x1024.jpg 768w, https:\/\/ilovefruitandvegfromeurope.com\/wp-content\/uploads\/2021\/09\/IMG-1076-225x300.jpg 225w, https:\/\/ilovefruitandvegfromeurope.com\/wp-content\/uploads\/2021\/09\/IMG-1076-1152x1536.jpg 1152w, https:\/\/ilovefruitandvegfromeurope.com\/wp-content\/uploads\/2021\/09\/IMG-1076-1536x2048.jpg 1536w, https:\/\/ilovefruitandvegfromeurope.com\/wp-content\/uploads\/2021\/09\/IMG-1076-scaled.jpg 1920w\" sizes=\"(max-width: 384px) 100vw, 384px\" \/><figcaption><a href=\"https:\/\/ilovefruitandvegfromeurope.com\/wp-content\/uploads\/2021\/08\/brochure_fruitveg2-16pag-31082021.pdf\" target=\"_blank\" rel=\"noreferrer noopener\"><span style=\"color:#006633\" class=\"has-inline-color\"><\/span><\/a><span style=\"color:#006633\" class=\"has-inline-color\"><\/span><a href=\"https:\/\/ilovefruitandvegfromeurope.com\/wp-content\/uploads\/2021\/08\/brochure_fruitveg2-16pag-31082021.pdf\" target=\"_blank\" rel=\"noreferrer noopener\"><span style=\"color:#006633\" class=\"has-inline-color\">T\u00e9l\u00e9charger<\/span> la Brochure I Love Fruit&amp;Veg From Europe<\/a><\/figcaption><\/figure>\n<\/div>\n\n\n\n<div class=\"wp-block-column is-layout-flow wp-block-column-is-layout-flow\">\n<figure class=\"wp-block-image size-large is-resized\"><a href=\"https:\/\/ilovefruitandvegfromeurope.com\/wp-content\/uploads\/2021\/09\/calendariotavolo_fruitVeg2022_def2.pdf\"><img decoding=\"async\" class=\"wp-image-4044\" src=\"https:\/\/ilovefruitandvegfromeurope.com\/wp-content\/uploads\/2021\/09\/IMG-1495-1-768x1024.jpg\" alt=\"Calendrier Fruit&amp;Veg\" width=\"384\" height=\"512\" srcset=\"https:\/\/ilovefruitandvegfromeurope.com\/wp-content\/uploads\/2021\/09\/IMG-1495-1-768x1024.jpg 768w, https:\/\/ilovefruitandvegfromeurope.com\/wp-content\/uploads\/2021\/09\/IMG-1495-1-225x300.jpg 225w, https:\/\/ilovefruitandvegfromeurope.com\/wp-content\/uploads\/2021\/09\/IMG-1495-1-1152x1536.jpg 1152w, https:\/\/ilovefruitandvegfromeurope.com\/wp-content\/uploads\/2021\/09\/IMG-1495-1-1536x2048.jpg 1536w, https:\/\/ilovefruitandvegfromeurope.com\/wp-content\/uploads\/2021\/09\/IMG-1495-1-scaled.jpg 1920w\" sizes=\"(max-width: 384px) 100vw, 384px\" \/><\/a>\n<figcaption><a href=\"https:\/\/ilovefruitandvegfromeurope.com\/wp-content\/uploads\/2021\/09\/calendariotavolo_fruitVeg2022_def2.pdf\"><span class=\"has-inline-color\" style=\"color: #006633;\">T\u00e9l\u00e9charger le calendrier<\/span> I love Fruit&amp;Veg From Europe 2022<\/a><\/figcaption>\n<\/figure>\n\n\n\n<p><\/p>\n<\/div>\n<\/div>\n\n\n\n<div class=\"wp-block-columns is-layout-flex wp-container-core-columns-is-layout-2 wp-block-columns-is-layout-flex\">\n<div class=\"wp-block-column is-layout-flow wp-block-column-is-layout-flow\">\n<figure class=\"wp-block-image size-large\"><img decoding=\"async\" width=\"1024\" height=\"797\" src=\"https:\/\/ilovefruitandvegfromeurope.com\/wp-content\/uploads\/2021\/12\/block_note-1024x797.png\" alt=\"\" class=\"wp-image-11563\" srcset=\"https:\/\/ilovefruitandvegfromeurope.com\/wp-content\/uploads\/2021\/12\/block_note-1024x797.png 1024w, https:\/\/ilovefruitandvegfromeurope.com\/wp-content\/uploads\/2021\/12\/block_note-300x234.png 300w, https:\/\/ilovefruitandvegfromeurope.com\/wp-content\/uploads\/2021\/12\/block_note-768x598.png 768w, https:\/\/ilovefruitandvegfromeurope.com\/wp-content\/uploads\/2021\/12\/block_note-1536x1196.png 1536w, https:\/\/ilovefruitandvegfromeurope.com\/wp-content\/uploads\/2021\/12\/block_note.png 1675w\" sizes=\"(max-width: 1024px) 100vw, 1024px\" \/><\/figure>\n\n\n\n<p class=\"has-text-align-center\">Blocknotes I Love Fruit&amp;Veg From Europe<\/p>\n<\/div>\n\n\n\n<div class=\"wp-block-column is-layout-flow wp-block-column-is-layout-flow\">\n<figure class=\"wp-block-gallery columns-1 is-cropped wp-block-gallery-1 is-layout-flex wp-block-gallery-is-layout-flex\"><ul class=\"blocks-gallery-grid\"><li class=\"blocks-gallery-item\"><figure><img decoding=\"async\" width=\"1000\" height=\"1000\" src=\"https:\/\/ilovefruitandvegfromeurope.com\/wp-content\/uploads\/2021\/12\/grembiule-1.jpg\" alt=\"\" data-id=\"11308\" data-full-url=\"https:\/\/ilovefruitandvegfromeurope.com\/wp-content\/uploads\/2021\/12\/grembiule-1.jpg\" data-link=\"https:\/\/ilovefruitandvegfromeurope.com\/it\/promo\/grembiule-1\/\" class=\"wp-image-11308\" srcset=\"https:\/\/ilovefruitandvegfromeurope.com\/wp-content\/uploads\/2021\/12\/grembiule-1.jpg 1000w, https:\/\/ilovefruitandvegfromeurope.com\/wp-content\/uploads\/2021\/12\/grembiule-1-300x300.jpg 300w, https:\/\/ilovefruitandvegfromeurope.com\/wp-content\/uploads\/2021\/12\/grembiule-1-150x150.jpg 150w, https:\/\/ilovefruitandvegfromeurope.com\/wp-content\/uploads\/2021\/12\/grembiule-1-768x768.jpg 768w, https:\/\/ilovefruitandvegfromeurope.com\/wp-content\/uploads\/2021\/12\/grembiule-1-80x80.jpg 80w\" sizes=\"(max-width: 1000px) 100vw, 1000px\" \/><\/figure><\/li><\/ul><\/figure>\n\n\n\n<p class=\"has-text-align-center\">Grembiule I Love Fruit&amp;Veg From Europe<\/p>\n<\/div>\n<\/div>\n\n\n\n<div class=\"wp-block-columns is-layout-flex wp-container-core-columns-is-layout-3 wp-block-columns-is-layout-flex\">\n<div class=\"wp-block-column is-layout-flow wp-block-column-is-layout-flow\">\n<figure class=\"wp-block-gallery columns-1 is-cropped wp-block-gallery-2 is-layout-flex wp-block-gallery-is-layout-flex\"><ul class=\"blocks-gallery-grid\"><li class=\"blocks-gallery-item\"><figure><img decoding=\"async\" width=\"882\" height=\"1024\" src=\"https:\/\/ilovefruitandvegfromeurope.com\/wp-content\/uploads\/2021\/12\/shopper-1-882x1024.png\" alt=\"\" data-id=\"11315\" data-full-url=\"https:\/\/ilovefruitandvegfromeurope.com\/wp-content\/uploads\/2021\/12\/shopper-1.png\" data-link=\"https:\/\/ilovefruitandvegfromeurope.com\/it\/promo\/shopper-1\/\" class=\"wp-image-11315\" srcset=\"https:\/\/ilovefruitandvegfromeurope.com\/wp-content\/uploads\/2021\/12\/shopper-1-882x1024.png 882w, https:\/\/ilovefruitandvegfromeurope.com\/wp-content\/uploads\/2021\/12\/shopper-1-258x300.png 258w, https:\/\/ilovefruitandvegfromeurope.com\/wp-content\/uploads\/2021\/12\/shopper-1-768x892.png 768w, https:\/\/ilovefruitandvegfromeurope.com\/wp-content\/uploads\/2021\/12\/shopper-1-1323x1536.png 1323w, https:\/\/ilovefruitandvegfromeurope.com\/wp-content\/uploads\/2021\/12\/shopper-1-1764x2048.png 1764w\" sizes=\"(max-width: 882px) 100vw, 882px\" \/><\/figure><\/li><\/ul><\/figure>\n\n\n\n<p class=\"has-text-align-center\">Sachet I Love Fruit&amp;Veg From Europe<\/p>\n<\/div>\n\n\n\n<div class=\"wp-block-column is-layout-flow wp-block-column-is-layout-flow\">\n<figure class=\"wp-block-image size-full\"><img decoding=\"async\" width=\"948\" height=\"823\" src=\"https:\/\/ilovefruitandvegfromeurope.com\/wp-content\/uploads\/2021\/12\/box-1.jpg\" alt=\"\" class=\"wp-image-11322\" srcset=\"https:\/\/ilovefruitandvegfromeurope.com\/wp-content\/uploads\/2021\/12\/box-1.jpg 948w, https:\/\/ilovefruitandvegfromeurope.com\/wp-content\/uploads\/2021\/12\/box-1-300x260.jpg 300w, https:\/\/ilovefruitandvegfromeurope.com\/wp-content\/uploads\/2021\/12\/box-1-768x667.jpg 768w\" sizes=\"(max-width: 948px) 100vw, 948px\" \/><\/figure>\n\n\n\n<p class=\"has-text-align-center\">Box I Love Fruit&amp;Veg From Europe<\/p>\n<\/div>\n<\/div>\n<\/div>\n<\/div>\n\n\n\n<div class=\"wp-block-columns is-layout-flex wp-container-core-columns-is-layout-5 wp-block-columns-is-layout-flex\">\n<div class=\"wp-block-column is-layout-flow wp-block-column-is-layout-flow\">\n<figure class=\"wp-block-image size-large\"><img decoding=\"async\" width=\"922\" height=\"1024\" src=\"https:\/\/ilovefruitandvegfromeurope.com\/wp-content\/uploads\/2021\/12\/folder_cartellina-922x1024.png\" alt=\"\" class=\"wp-image-11571\" srcset=\"https:\/\/ilovefruitandvegfromeurope.com\/wp-content\/uploads\/2021\/12\/folder_cartellina-922x1024.png 922w, https:\/\/ilovefruitandvegfromeurope.com\/wp-content\/uploads\/2021\/12\/folder_cartellina-270x300.png 270w, https:\/\/ilovefruitandvegfromeurope.com\/wp-content\/uploads\/2021\/12\/folder_cartellina-768x853.png 768w, https:\/\/ilovefruitandvegfromeurope.com\/wp-content\/uploads\/2021\/12\/folder_cartellina-1383x1536.png 1383w, https:\/\/ilovefruitandvegfromeurope.com\/wp-content\/uploads\/2021\/12\/folder_cartellina.png 1614w\" sizes=\"(max-width: 922px) 100vw, 922px\" \/><\/figure>\n\n\n\n<p class=\"has-text-align-center\">Dossier I Love Fruit&amp;Veg From Europe<\/p>\n<\/div>\n\n\n\n<div class=\"wp-block-column is-layout-flow wp-block-column-is-layout-flow\">\n<figure class=\"wp-block-image size-full\"><img decoding=\"async\" width=\"804\" height=\"225\" src=\"https:\/\/ilovefruitandvegfromeurope.com\/wp-content\/uploads\/2021\/12\/mockup_penna.jpg\" alt=\"\" class=\"wp-image-11578\" srcset=\"https:\/\/ilovefruitandvegfromeurope.com\/wp-content\/uploads\/2021\/12\/mockup_penna.jpg 804w, https:\/\/ilovefruitandvegfromeurope.com\/wp-content\/uploads\/2021\/12\/mockup_penna-300x84.jpg 300w, https:\/\/ilovefruitandvegfromeurope.com\/wp-content\/uploads\/2021\/12\/mockup_penna-768x215.jpg 768w, https:\/\/ilovefruitandvegfromeurope.com\/wp-content\/uploads\/2021\/12\/mockup_penna-800x225.jpg 800w\" sizes=\"(max-width: 804px) 100vw, 804px\" \/><\/figure>\n\n\n\n<p class=\"has-text-align-center\">Stylo I Love Fruit&amp;Veg From Europe<\/p>\n<\/div>\n<\/div>\n\n\n\n<div class=\"wp-block-columns is-layout-flex wp-container-core-columns-is-layout-6 wp-block-columns-is-layout-flex\">\n<div class=\"wp-block-column is-layout-flow wp-block-column-is-layout-flow\">\n<figure class=\"wp-block-image size-large\"><img decoding=\"async\" width=\"1024\" height=\"726\" src=\"https:\/\/ilovefruitandvegfromeurope.com\/wp-content\/uploads\/2021\/12\/menudegustazione_cibus-FINALE-1-1024x726.png\" alt=\"Men\u00f9 Degustazione Evento Cibus 2021\" class=\"wp-image-11329\" srcset=\"https:\/\/ilovefruitandvegfromeurope.com\/wp-content\/uploads\/2021\/12\/menudegustazione_cibus-FINALE-1-1024x726.png 1024w, https:\/\/ilovefruitandvegfromeurope.com\/wp-content\/uploads\/2021\/12\/menudegustazione_cibus-FINALE-1-300x213.png 300w, https:\/\/ilovefruitandvegfromeurope.com\/wp-content\/uploads\/2021\/12\/menudegustazione_cibus-FINALE-1-768x544.png 768w, https:\/\/ilovefruitandvegfromeurope.com\/wp-content\/uploads\/2021\/12\/menudegustazione_cibus-FINALE-1-1536x1089.png 1536w, https:\/\/ilovefruitandvegfromeurope.com\/wp-content\/uploads\/2021\/12\/menudegustazione_cibus-FINALE-1-2048x1451.png 2048w\" sizes=\"(max-width: 1024px) 100vw, 1024px\" \/><\/figure>\n\n\n\n<p class=\"has-text-align-center\"><a href=\"https:\/\/ilovefruitandvegfromeurope.com\/wp-content\/uploads\/2021\/12\/menudegustazione_cibus-FINALE.pdf\" target=\"_blank\" rel=\"noreferrer noopener\">T\u00e9l\u00e9charger le menu de d\u00e9gustation \u00c9v\u00e9nement du 31 ao\u00fbt Cibus Parma<\/a><\/p>\n<\/div>\n\n\n\n<div class=\"wp-block-column is-layout-flow wp-block-column-is-layout-flow\">\n<figure class=\"wp-block-image size-large\"><img decoding=\"async\" width=\"1024\" height=\"724\" src=\"https:\/\/ilovefruitandvegfromeurope.com\/wp-content\/uploads\/2021\/12\/menudegustazione_madrid-1-1024x724.png\" alt=\"Men\u00f9 Degustazione Evento Madrid\" class=\"wp-image-11364\" srcset=\"https:\/\/ilovefruitandvegfromeurope.com\/wp-content\/uploads\/2021\/12\/menudegustazione_madrid-1-1024x724.png 1024w, https:\/\/ilovefruitandvegfromeurope.com\/wp-content\/uploads\/2021\/12\/menudegustazione_madrid-1-300x212.png 300w, https:\/\/ilovefruitandvegfromeurope.com\/wp-content\/uploads\/2021\/12\/menudegustazione_madrid-1-768x543.png 768w, https:\/\/ilovefruitandvegfromeurope.com\/wp-content\/uploads\/2021\/12\/menudegustazione_madrid-1-1536x1086.png 1536w, https:\/\/ilovefruitandvegfromeurope.com\/wp-content\/uploads\/2021\/12\/menudegustazione_madrid-1-2048x1448.png 2048w\" sizes=\"(max-width: 1024px) 100vw, 1024px\" \/><\/figure>\n\n\n\n<p class=\"has-text-align-center\"><a href=\"https:\/\/ilovefruitandvegfromeurope.com\/wp-content\/uploads\/2021\/12\/menudegustazione_madrid.pdf\" target=\"_blank\" rel=\"noreferrer noopener\">T\u00e9l\u00e9charger le menu de d\u00e9gustation \u00c9v\u00e9nement 5-7 octobre Madrid<\/a><\/p>\n<\/div>\n<\/div>\n\n\n\n<div class=\"wp-block-columns is-layout-flex wp-container-core-columns-is-layout-7 wp-block-columns-is-layout-flex\">\n<div class=\"wp-block-column is-layout-flow wp-block-column-is-layout-flow\">\n<figure class=\"wp-block-image size-large\"><img decoding=\"async\" width=\"1024\" height=\"726\" src=\"https:\/\/ilovefruitandvegfromeurope.com\/wp-content\/uploads\/2021\/12\/menuevento_a3_parigi_DEF-1-1024x726.png\" alt=\"Men\u00f9 Degustazione Evento Parigi\" class=\"wp-image-11371\" srcset=\"https:\/\/ilovefruitandvegfromeurope.com\/wp-content\/uploads\/2021\/12\/menuevento_a3_parigi_DEF-1-1024x726.png 1024w, https:\/\/ilovefruitandvegfromeurope.com\/wp-content\/uploads\/2021\/12\/menuevento_a3_parigi_DEF-1-300x213.png 300w, https:\/\/ilovefruitandvegfromeurope.com\/wp-content\/uploads\/2021\/12\/menuevento_a3_parigi_DEF-1-768x544.png 768w, https:\/\/ilovefruitandvegfromeurope.com\/wp-content\/uploads\/2021\/12\/menuevento_a3_parigi_DEF-1-1536x1089.png 1536w, https:\/\/ilovefruitandvegfromeurope.com\/wp-content\/uploads\/2021\/12\/menuevento_a3_parigi_DEF-1-2048x1451.png 2048w\" sizes=\"(max-width: 1024px) 100vw, 1024px\" \/><\/figure>\n\n\n\n<p class=\"has-text-align-center\"><a href=\"https:\/\/ilovefruitandvegfromeurope.com\/wp-content\/uploads\/2021\/12\/menuevento_a3_parigi_DEF.pdf\" target=\"_blank\" rel=\"noreferrer noopener\">T\u00e9l\u00e9charger le menu de d\u00e9gustation \u00c9v\u00e9nement 18 novembre Paris<\/a><\/p>\n<\/div>\n\n\n\n<div class=\"wp-block-column is-layout-flow wp-block-column-is-layout-flow\">\n<figure class=\"wp-block-image size-full\"><img decoding=\"async\" width=\"209\" height=\"538\" src=\"https:\/\/ilovefruitandvegfromeurope.com\/wp-content\/uploads\/2021\/12\/Screenshot-2021-12-28-21.32.41.jpg\" alt=\"Rollup 85x200\" class=\"wp-image-11378\" srcset=\"https:\/\/ilovefruitandvegfromeurope.com\/wp-content\/uploads\/2021\/12\/Screenshot-2021-12-28-21.32.41.jpg 209w, https:\/\/ilovefruitandvegfromeurope.com\/wp-content\/uploads\/2021\/12\/Screenshot-2021-12-28-21.32.41-117x300.jpg 117w\" sizes=\"(max-width: 209px) 100vw, 209px\" \/><\/figure>\n\n\n\n<p class=\"has-text-align-left\">Rollup 85&#215;200 I Love Fruit&amp;Veg From Europe<\/p>\n<\/div>\n<\/div>\n\n\n\n<div class=\"wp-block-columns is-layout-flex wp-container-core-columns-is-layout-9 wp-block-columns-is-layout-flex\">\n<div class=\"wp-block-column is-layout-flow wp-block-column-is-layout-flow\" style=\"flex-basis:100%\">\n<div class=\"wp-block-columns is-layout-flex wp-container-core-columns-is-layout-8 wp-block-columns-is-layout-flex\">\n<div class=\"wp-block-column is-layout-flow wp-block-column-is-layout-flow\" style=\"flex-basis:100%\">\n<figure class=\"wp-block-gallery columns-0 is-cropped wp-block-gallery-3 is-layout-flex wp-block-gallery-is-layout-flex\"><ul class=\"blocks-gallery-grid\"><\/ul><\/figure>\n<\/div>\n<\/div>\n<\/div>\n<\/div>\n","protected":false},"excerpt":{"rendered":"<p>MAT\u00c9RIEL PROMOTIONNEL T\u00e9l\u00e9charger le calendrier I love Fruit&amp;Veg From Europe 2022 Blocknotes I Love Fruit&amp;Veg From Europe Grembiule I Love Fruit&amp;Veg From Europe Sachet I Love Fruit&amp;Veg From Europe Box I Love Fruit&amp;Veg From Europe Dossier I Love Fruit&amp;Veg From Europe Stylo I Love Fruit&amp;Veg From Europe T\u00e9l\u00e9charger le menu de d\u00e9gustation \u00c9v\u00e9nement du 31<\/p>\n","protected":false},"author":1,"featured_media":25924,"parent":0,"menu_order":0,"comment_status":"closed","ping_status":"closed","template":"","meta":{"_acf_changed":false,"footnotes":""},"class_list":["post-25922","page","type-page","status-publish","has-post-thumbnail","hentry"],"acf":[],"yoast_head":"<!-- This site is optimized with the Yoast SEO plugin v24.1 - https:\/\/yoast.com\/wordpress\/plugins\/seo\/ -->\n<title>Promo - I Love Fruit And Veg From Europe<\/title>\n<meta name=\"robots\" content=\"index, follow, max-snippet:-1, max-image-preview:large, max-video-preview:-1\" \/>\n<link rel=\"canonical\" href=\"https:\/\/ilovefruitandvegfromeurope.com\/fr_ca\/promo\/\" \/>\n<meta property=\"og:locale\" content=\"fr_CA\" \/>\n<meta property=\"og:type\" content=\"article\" \/>\n<meta property=\"og:title\" content=\"Promo - I Love Fruit And Veg From Europe\" \/>\n<meta property=\"og:description\" content=\"MAT\u00c9RIEL PROMOTIONNEL T\u00e9l\u00e9charger le calendrier I love Fruit&amp;Veg From Europe 2022 Blocknotes I Love Fruit&amp;Veg From Europe Grembiule I Love Fruit&amp;Veg From Europe Sachet I Love Fruit&amp;Veg From Europe Box I Love Fruit&amp;Veg From Europe Dossier I Love Fruit&amp;Veg From Europe Stylo I Love Fruit&amp;Veg From Europe T\u00e9l\u00e9charger le menu de d\u00e9gustation \u00c9v\u00e9nement du 31\" \/>\n<meta property=\"og:url\" content=\"https:\/\/ilovefruitandvegfromeurope.com\/fr_ca\/promo\/\" \/>\n<meta property=\"og:site_name\" content=\"I Love Fruit And Veg From Europe\" \/>\n<meta property=\"og:image\" content=\"https:\/\/ilovefruitandvegfromeurope.com\/wp-content\/uploads\/2021\/09\/IMG-1076-768x1024.jpg\" \/>\n<meta name=\"twitter:card\" content=\"summary_large_image\" \/>\n<meta name=\"twitter:label1\" content=\"Estimation du temps de lecture\" \/>\n\t<meta name=\"twitter:data1\" content=\"1 minute\" \/>\n<script type=\"application\/ld+json\" class=\"yoast-schema-graph\">{\"@context\":\"https:\/\/schema.org\",\"@graph\":[{\"@type\":\"WebPage\",\"@id\":\"https:\/\/ilovefruitandvegfromeurope.com\/fr_ca\/promo\/\",\"url\":\"https:\/\/ilovefruitandvegfromeurope.com\/fr_ca\/promo\/\",\"name\":\"Promo - I Love Fruit And Veg From Europe\",\"isPartOf\":{\"@id\":\"https:\/\/ilovefruitandvegfromeurope.com\/fr_ca\/#website\"},\"primaryImageOfPage\":{\"@id\":\"https:\/\/ilovefruitandvegfromeurope.com\/fr_ca\/promo\/#primaryimage\"},\"image\":{\"@id\":\"https:\/\/ilovefruitandvegfromeurope.com\/fr_ca\/promo\/#primaryimage\"},\"thumbnailUrl\":\"https:\/\/ilovefruitandvegfromeurope.com\/wp-content\/uploads\/2021\/09\/IMG-1495-scaled.jpg\",\"datePublished\":\"2021-09-10T07:41:51+00:00\",\"dateModified\":\"2021-09-10T07:41:51+00:00\",\"breadcrumb\":{\"@id\":\"https:\/\/ilovefruitandvegfromeurope.com\/fr_ca\/promo\/#breadcrumb\"},\"inLanguage\":\"fr-CA\",\"potentialAction\":[{\"@type\":\"ReadAction\",\"target\":[\"https:\/\/ilovefruitandvegfromeurope.com\/fr_ca\/promo\/\"]}]},{\"@type\":\"ImageObject\",\"inLanguage\":\"fr-CA\",\"@id\":\"https:\/\/ilovefruitandvegfromeurope.com\/fr_ca\/promo\/#primaryimage\",\"url\":\"https:\/\/ilovefruitandvegfromeurope.com\/wp-content\/uploads\/2021\/09\/IMG-1495-scaled.jpg\",\"contentUrl\":\"https:\/\/ilovefruitandvegfromeurope.com\/wp-content\/uploads\/2021\/09\/IMG-1495-scaled.jpg\",\"width\":1920,\"height\":2560},{\"@type\":\"BreadcrumbList\",\"@id\":\"https:\/\/ilovefruitandvegfromeurope.com\/fr_ca\/promo\/#breadcrumb\",\"itemListElement\":[{\"@type\":\"ListItem\",\"position\":1,\"name\":\"Home\",\"item\":\"https:\/\/ilovefruitandvegfromeurope.com\/fr_ca\/bienvenue\/\"},{\"@type\":\"ListItem\",\"position\":2,\"name\":\"Promo\"}]},{\"@type\":\"WebSite\",\"@id\":\"https:\/\/ilovefruitandvegfromeurope.com\/fr_ca\/#website\",\"url\":\"https:\/\/ilovefruitandvegfromeurope.com\/fr_ca\/\",\"name\":\"I Love Fruit And Veg From Europe\",\"description\":\"I Love Fruit And Veg From Europe: I Choose Fresh And Fair\",\"publisher\":{\"@id\":\"https:\/\/ilovefruitandvegfromeurope.com\/fr_ca\/#organization\"},\"potentialAction\":[{\"@type\":\"SearchAction\",\"target\":{\"@type\":\"EntryPoint\",\"urlTemplate\":\"https:\/\/ilovefruitandvegfromeurope.com\/fr_ca\/?s={search_term_string}\"},\"query-input\":{\"@type\":\"PropertyValueSpecification\",\"valueRequired\":true,\"valueName\":\"search_term_string\"}}],\"inLanguage\":\"fr-CA\"},{\"@type\":\"Organization\",\"@id\":\"https:\/\/ilovefruitandvegfromeurope.com\/fr_ca\/#organization\",\"name\":\"I Love Fruit And Veg From Europe\",\"url\":\"https:\/\/ilovefruitandvegfromeurope.com\/fr_ca\/\",\"logo\":{\"@type\":\"ImageObject\",\"inLanguage\":\"fr-CA\",\"@id\":\"https:\/\/ilovefruitandvegfromeurope.com\/fr_ca\/#\/schema\/logo\/image\/\",\"url\":\"https:\/\/ilovefruitandvegfromeurope.com\/wp-content\/uploads\/2021\/07\/logo.png\",\"contentUrl\":\"https:\/\/ilovefruitandvegfromeurope.com\/wp-content\/uploads\/2021\/07\/logo.png\",\"width\":248,\"height\":62,\"caption\":\"I Love Fruit And Veg From Europe\"},\"image\":{\"@id\":\"https:\/\/ilovefruitandvegfromeurope.com\/fr_ca\/#\/schema\/logo\/image\/\"}}]}<\/script>\n<!-- \/ Yoast SEO plugin. -->","yoast_head_json":{"title":"Promo - I Love Fruit And Veg From Europe","robots":{"index":"index","follow":"follow","max-snippet":"max-snippet:-1","max-image-preview":"max-image-preview:large","max-video-preview":"max-video-preview:-1"},"canonical":"https:\/\/ilovefruitandvegfromeurope.com\/fr_ca\/promo\/","og_locale":"fr_CA","og_type":"article","og_title":"Promo - I Love Fruit And Veg From Europe","og_description":"MAT\u00c9RIEL PROMOTIONNEL T\u00e9l\u00e9charger le calendrier I love Fruit&amp;Veg From Europe 2022 Blocknotes I Love Fruit&amp;Veg From Europe Grembiule I Love Fruit&amp;Veg From Europe Sachet I Love Fruit&amp;Veg From Europe Box I Love Fruit&amp;Veg From Europe Dossier I Love Fruit&amp;Veg From Europe Stylo I Love Fruit&amp;Veg From Europe T\u00e9l\u00e9charger le menu de d\u00e9gustation \u00c9v\u00e9nement du 31","og_url":"https:\/\/ilovefruitandvegfromeurope.com\/fr_ca\/promo\/","og_site_name":"I Love Fruit And Veg From Europe","og_image":[{"url":"https:\/\/ilovefruitandvegfromeurope.com\/wp-content\/uploads\/2021\/09\/IMG-1076-768x1024.jpg","type":"","width":"","height":""}],"twitter_card":"summary_large_image","twitter_misc":{"Estimation du temps de lecture":"1 minute"},"schema":{"@context":"https:\/\/schema.org","@graph":[{"@type":"WebPage","@id":"https:\/\/ilovefruitandvegfromeurope.com\/fr_ca\/promo\/","url":"https:\/\/ilovefruitandvegfromeurope.com\/fr_ca\/promo\/","name":"Promo - I Love Fruit And Veg From Europe","isPartOf":{"@id":"https:\/\/ilovefruitandvegfromeurope.com\/fr_ca\/#website"},"primaryImageOfPage":{"@id":"https:\/\/ilovefruitandvegfromeurope.com\/fr_ca\/promo\/#primaryimage"},"image":{"@id":"https:\/\/ilovefruitandvegfromeurope.com\/fr_ca\/promo\/#primaryimage"},"thumbnailUrl":"https:\/\/ilovefruitandvegfromeurope.com\/wp-content\/uploads\/2021\/09\/IMG-1495-scaled.jpg","datePublished":"2021-09-10T07:41:51+00:00","dateModified":"2021-09-10T07:41:51+00:00","breadcrumb":{"@id":"https:\/\/ilovefruitandvegfromeurope.com\/fr_ca\/promo\/#breadcrumb"},"inLanguage":"fr-CA","potentialAction":[{"@type":"ReadAction","target":["https:\/\/ilovefruitandvegfromeurope.com\/fr_ca\/promo\/"]}]},{"@type":"ImageObject","inLanguage":"fr-CA","@id":"https:\/\/ilovefruitandvegfromeurope.com\/fr_ca\/promo\/#primaryimage","url":"https:\/\/ilovefruitandvegfromeurope.com\/wp-content\/uploads\/2021\/09\/IMG-1495-scaled.jpg","contentUrl":"https:\/\/ilovefruitandvegfromeurope.com\/wp-content\/uploads\/2021\/09\/IMG-1495-scaled.jpg","width":1920,"height":2560},{"@type":"BreadcrumbList","@id":"https:\/\/ilovefruitandvegfromeurope.com\/fr_ca\/promo\/#breadcrumb","itemListElement":[{"@type":"ListItem","position":1,"name":"Home","item":"https:\/\/ilovefruitandvegfromeurope.com\/fr_ca\/bienvenue\/"},{"@type":"ListItem","position":2,"name":"Promo"}]},{"@type":"WebSite","@id":"https:\/\/ilovefruitandvegfromeurope.com\/fr_ca\/#website","url":"https:\/\/ilovefruitandvegfromeurope.com\/fr_ca\/","name":"I Love Fruit And Veg From Europe","description":"I Love Fruit And Veg From Europe: I Choose Fresh And Fair","publisher":{"@id":"https:\/\/ilovefruitandvegfromeurope.com\/fr_ca\/#organization"},"potentialAction":[{"@type":"SearchAction","target":{"@type":"EntryPoint","urlTemplate":"https:\/\/ilovefruitandvegfromeurope.com\/fr_ca\/?s={search_term_string}"},"query-input":{"@type":"PropertyValueSpecification","valueRequired":true,"valueName":"search_term_string"}}],"inLanguage":"fr-CA"},{"@type":"Organization","@id":"https:\/\/ilovefruitandvegfromeurope.com\/fr_ca\/#organization","name":"I Love Fruit And Veg From Europe","url":"https:\/\/ilovefruitandvegfromeurope.com\/fr_ca\/","logo":{"@type":"ImageObject","inLanguage":"fr-CA","@id":"https:\/\/ilovefruitandvegfromeurope.com\/fr_ca\/#\/schema\/logo\/image\/","url":"https:\/\/ilovefruitandvegfromeurope.com\/wp-content\/uploads\/2021\/07\/logo.png","contentUrl":"https:\/\/ilovefruitandvegfromeurope.com\/wp-content\/uploads\/2021\/07\/logo.png","width":248,"height":62,"caption":"I Love Fruit And Veg From Europe"},"image":{"@id":"https:\/\/ilovefruitandvegfromeurope.com\/fr_ca\/#\/schema\/logo\/image\/"}}]}},"_links":{"self":[{"href":"https:\/\/ilovefruitandvegfromeurope.com\/fr_ca\/wp-json\/wp\/v2\/pages\/25922","targetHints":{"allow":["GET"]}}],"collection":[{"href":"https:\/\/ilovefruitandvegfromeurope.com\/fr_ca\/wp-json\/wp\/v2\/pages"}],"about":[{"href":"https:\/\/ilovefruitandvegfromeurope.com\/fr_ca\/wp-json\/wp\/v2\/types\/page"}],"author":[{"embeddable":true,"href":"https:\/\/ilovefruitandvegfromeurope.com\/fr_ca\/wp-json\/wp\/v2\/users\/1"}],"replies":[{"embeddable":true,"href":"https:\/\/ilovefruitandvegfromeurope.com\/fr_ca\/wp-json\/wp\/v2\/comments?post=25922"}],"version-history":[{"count":1,"href":"https:\/\/ilovefruitandvegfromeurope.com\/fr_ca\/wp-json\/wp\/v2\/pages\/25922\/revisions"}],"predecessor-version":[{"id":26765,"href":"https:\/\/ilovefruitandvegfromeurope.com\/fr_ca\/wp-json\/wp\/v2\/pages\/25922\/revisions\/26765"}],"wp:featuredmedia":[{"embeddable":true,"href":"https:\/\/ilovefruitandvegfromeurope.com\/fr_ca\/wp-json\/wp\/v2\/media\/25924"}],"wp:attachment":[{"href":"https:\/\/ilovefruitandvegfromeurope.com\/fr_ca\/wp-json\/wp\/v2\/media?parent=25922"}],"curies":[{"name":"wp","href":"https:\/\/api.w.org\/{rel}","templated":true}]}}