
{"id":11183,"date":"2021-09-10T11:00:18","date_gmt":"2021-09-10T09:00:18","guid":{"rendered":"https:\/\/ilovefruitandvegfromeurope.com\/rassegna-stampa\/"},"modified":"2023-11-02T03:16:48","modified_gmt":"2023-11-02T02:16:48","slug":"presseanmeldelse","status":"publish","type":"page","link":"https:\/\/ilovefruitandvegfromeurope.com\/no\/presseanmeldelse\/","title":{"rendered":"Presseanmeldelse"},"content":{"rendered":"\n<h5 class=\"wp-block-heading\"><em><mark style=\"background-color:rgba(0, 0, 0, 0);color:#3e4041\" class=\"has-inline-color\"><em><mark style=\"background-color:rgba(0, 0, 0, 0);color:#3e4041\" class=\"has-inline-color\"><em><mark style=\"background-color:rgba(0, 0, 0, 0);color:#3e4041\" class=\"has-inline-color\"><em><mark style=\"background-color:rgba(0, 0, 0, 0);color:#3e4041\" class=\"has-inline-color\">24 oktober<\/mark><\/em><\/mark><\/em> 2023 <\/mark><\/em> <\/mark><\/em>&#8211;<em><mark style=\"background-color:rgba(0, 0, 0, 0);color:#3e4041\" class=\"has-inline-color\"><em><mark style=\"background-color:rgba(0, 0, 0, 0);color:#3e4041\" class=\"has-inline-color\"> <\/mark><\/em><\/mark><\/em>Radio clip from P4 \u00d6sterg\u00f6tland &#8211; Oct 24, 2023<\/h5>\n\n\n\n<p>g\u00e4ster, f\u00f6rst\u00e5s. H\u00e4r kommer alla k\u00e4nslorna p\u00e5 en och samma g\u00e5ng i en betoningen \u00e4r avsiktlig. Det \u00e4r s\u00e5 han sjunger. Jag vet inte om de hall\u2026<\/p>\n\n\n\n<div class=\"wp-block-buttons is-layout-flex wp-block-buttons-is-layout-flex\">\n<div class=\"wp-block-button\"><a class=\"wp-block-button__link has-background wp-element-button\" href=\"https:\/\/app2.cision.com\/#\/articles\/150001728004715\" style=\"background-color:#006633\"><strong><strong>G\u00e5 til artikkelen<\/strong><\/strong><\/a><\/div>\n<\/div>\n\n\n\n<div style=\"height:76px\" aria-hidden=\"true\" class=\"wp-block-spacer\"><\/div>\n\n\n\n<h5 class=\"wp-block-heading\"><em><mark style=\"background-color:rgba(0, 0, 0, 0);color:#3e4041\" class=\"has-inline-color\"><em><mark style=\"background-color:rgba(0, 0, 0, 0);color:#3e4041\" class=\"has-inline-color\"><em><mark style=\"background-color:rgba(0, 0, 0, 0);color:#3e4041\" class=\"has-inline-color\"><em><mark style=\"background-color:rgba(0, 0, 0, 0);color:#3e4041\" class=\"has-inline-color\">24 oktober<\/mark><\/em><\/mark><\/em> 2023 <\/mark><\/em> <\/mark><\/em>&#8211;<em><mark style=\"background-color:rgba(0, 0, 0, 0);color:#3e4041\" class=\"has-inline-color\"><em><mark style=\"background-color:rgba(0, 0, 0, 0);color:#3e4041\" class=\"has-inline-color\"> <\/mark><\/em><\/mark><\/em>Radio clip from P4 \u00d6sterg\u00f6tland &#8211; Oct 24, 2023<\/h5>\n\n\n\n<p>Bak\u00e5t tittande d\u00e4r Sven-Ingvars dom. Vi var, men vi ska ha nyheterna nu med Lisen Elofsson, testning och d\u00e5 ska handla om vinst f\u00f6r kommunal\u2026<\/p>\n\n\n\n<div class=\"wp-block-buttons is-layout-flex wp-block-buttons-is-layout-flex\">\n<div class=\"wp-block-button\"><a class=\"wp-block-button__link has-background wp-element-button\" href=\"https:\/\/app2.cision.com\/#\/articles\/150001727869102\" style=\"background-color:#006633\"><strong><strong>G\u00e5 til artikkelen<\/strong><\/strong><\/a><\/div>\n<\/div>\n\n\n\n<div style=\"height:76px\" aria-hidden=\"true\" class=\"wp-block-spacer\"><\/div>\n\n\n\n<h5 class=\"wp-block-heading\"><em><mark style=\"background-color:rgba(0, 0, 0, 0);color:#3e4041\" class=\"has-inline-color\"><em><mark style=\"background-color:rgba(0, 0, 0, 0);color:#3e4041\" class=\"has-inline-color\"><em><mark style=\"background-color:rgba(0, 0, 0, 0);color:#3e4041\" class=\"has-inline-color\"><em><mark style=\"background-color:rgba(0, 0, 0, 0);color:#3e4041\" class=\"has-inline-color\">11 oktober<\/mark><\/em><\/mark><\/em> 2023 <\/mark><\/em> <\/mark><\/em>&#8211;<em><mark style=\"background-color:rgba(0, 0, 0, 0);color:#3e4041\" class=\"has-inline-color\"><em><mark style=\"background-color:rgba(0, 0, 0, 0);color:#3e4041\" class=\"has-inline-color\"> <\/mark><\/em><\/mark><\/em>Italiensk fiskgryta med citron, oliver och \u00f6rter<\/h5>\n\n\n\n<p>L\u00e4ttlagad vardagslyx med smaker fr\u00e5n Italien &#8211; torskfil\u00e9, tomater, vitt vin, oliver, citron och \u00f6rter. Receptet inneh\u00e5ller mindre \u00e4n 500 kcal per portion.<\/p>\n\n\n\n<div class=\"wp-block-buttons is-layout-flex wp-block-buttons-is-layout-flex\">\n<div class=\"wp-block-button\"><a class=\"wp-block-button__link has-background wp-element-button\" href=\"https:\/\/www.koket.se\/italiensk-fiskgryta-med-citron-oliver-och-orter\" style=\"background-color:#006633\"><strong><strong>G\u00e5 til artikkelen<\/strong><\/strong><\/a><\/div>\n\n\n\n<div class=\"wp-block-button\"><a class=\"wp-block-button__link has-background wp-element-button\" href=\"https:\/\/ilovefruitandvegfromeurope.com\/wp-content\/uploads\/2023\/11\/Italiensk-fiskgryta-med-citron-oliver-och-orter.pdf\" style=\"background-color:#006633\"><strong>koket.se &#8211; PDF<\/strong><\/a><\/div>\n<\/div>\n\n\n\n<div style=\"height:76px\" aria-hidden=\"true\" class=\"wp-block-spacer\"><\/div>\n\n\n\n<h5 class=\"wp-block-heading\"><em><mark style=\"background-color:rgba(0, 0, 0, 0);color:#3e4041\" class=\"has-inline-color\"><em><mark style=\"background-color:rgba(0, 0, 0, 0);color:#3e4041\" class=\"has-inline-color\"><em><mark style=\"background-color:rgba(0, 0, 0, 0);color:#3e4041\" class=\"has-inline-color\"><em><mark style=\"background-color:rgba(0, 0, 0, 0);color:#3e4041\" class=\"has-inline-color\">10 oktober<\/mark><\/em><\/mark><\/em> 2023 <\/mark><\/em> <\/mark><\/em>&#8211; <em><mark style=\"background-color:rgba(0, 0, 0, 0);color:#3e4041\" class=\"has-inline-color\"><em><mark style=\"background-color:rgba(0, 0, 0, 0);color:#3e4041\" class=\"has-inline-color\"> <\/mark><\/em><\/mark><\/em>Hemlagad pizza till charmant italiensk ekonyhet!<\/h5>\n\n\n\n<p>Hemlagad pizza: Vi \u00e4lskar att laga pizza hemma! Alla kan vara med och f\u00f6rbereda och man n\u00e5r r\u00e4tt str\u00e5lande resultat utan dyra investeringar i form av pizzaugn \u00e4ven om ett pizzast\u00e5l inte ska underskattas.<\/p>\n\n\n\n<div class=\"wp-block-buttons is-layout-flex wp-block-buttons-is-layout-flex\">\n<div class=\"wp-block-button\"><a class=\"wp-block-button__link has-background wp-element-button\" href=\"https:\/\/www.boxtoppen.se\/artikel\/hemlagad-pizza-med-salami-mangold-lok-champinjoner-till-charmant-italiensk-ekonyhet\/\" style=\"background-color:#006633\"><strong><strong>G\u00e5 til artikkelen<\/strong><\/strong><\/a><\/div>\n\n\n\n<div class=\"wp-block-button\"><a class=\"wp-block-button__link has-background wp-element-button\" href=\"https:\/\/ilovefruitandvegfromeurope.com\/wp-content\/uploads\/2023\/11\/Hemlagad-pizza-till-charmant-italiensk-ekonyhet.pdf\" style=\"background-color:#006633\"><strong>boxtoppen.se &#8211; PDF<\/strong><\/a><\/div>\n<\/div>\n\n\n\n<div style=\"height:76px\" aria-hidden=\"true\" class=\"wp-block-spacer\"><\/div>\n\n\n\n<h5 class=\"wp-block-heading\"><em><mark style=\"background-color:rgba(0, 0, 0, 0);color:#3e4041\" class=\"has-inline-color\"><em><mark style=\"background-color:rgba(0, 0, 0, 0);color:#3e4041\" class=\"has-inline-color\"><em><mark style=\"background-color:rgba(0, 0, 0, 0);color:#3e4041\" class=\"has-inline-color\"><em><mark style=\"background-color:rgba(0, 0, 0, 0);color:#3e4041\" class=\"has-inline-color\">13 august<\/mark><\/em><\/mark><\/em> 2023 <\/mark><\/em> <\/mark><\/em>&#8211; <em><mark style=\"background-color:rgba(0, 0, 0, 0);color:#3e4041\" class=\"has-inline-color\"><em><mark style=\"background-color:rgba(0, 0, 0, 0);color:#3e4041\" class=\"has-inline-color\"> <\/mark><\/em><\/mark><\/em>Zucchinigrat\u00e4ng med belugalinser, r\u00f6tt vin och ostkr\u00e4m<\/h5>\n\n\n\n<p>Ett s\u00f6ndagsrecept var det h\u00e4r! Gjort p\u00e5 zucchini som bas, s\u00e5klart. Vad annars? Mitt k\u00f6ksland fullkomligt \u00f6versv\u00e4mmas av denna gr\u00f6nsak. Not to self: det r\u00e4cker med en planta n\u00e4sta \u00e5r.<\/p>\n\n\n\n<div class=\"wp-block-buttons is-layout-flex wp-block-buttons-is-layout-flex\">\n<div class=\"wp-block-button\"><a class=\"wp-block-button__link has-background wp-element-button\" href=\"https:\/\/tuvessonskan.se\/2023\/08\/13\/zucchinigratang-med-belugalinser-rott-vin-och-ostkram\/\" style=\"background-color:#006633\"><strong><strong>G\u00e5 til artikkelen<\/strong><\/strong><\/a><\/div>\n<\/div>\n\n\n\n<div style=\"height:76px\" aria-hidden=\"true\" class=\"wp-block-spacer\"><\/div>\n\n\n\n<h5 class=\"wp-block-heading\"><em><mark style=\"background-color:rgba(0, 0, 0, 0);color:#3e4041\" class=\"has-inline-color\"><em><mark style=\"background-color:rgba(0, 0, 0, 0);color:#3e4041\" class=\"has-inline-color\"><em><mark style=\"background-color:rgba(0, 0, 0, 0);color:#3e4041\" class=\"has-inline-color\"><em><mark style=\"background-color:rgba(0, 0, 0, 0);color:#3e4041\" class=\"has-inline-color\">6 august<\/mark><\/em><\/mark><\/em> 2023 <\/mark><\/em> <\/mark><\/em>&#8211; Tomater odling, sk\u00f6rd &amp; f\u00f6r\u00e4dling 2023<\/h5>\n\n\n\n<p>Tomater odling, sk\u00f6rd &amp; f\u00f6r\u00e4dling 2023<\/p>\n\n\n\n<div class=\"wp-block-buttons is-layout-flex wp-block-buttons-is-layout-flex\">\n<div class=\"wp-block-button\"><a class=\"wp-block-button__link has-background wp-element-button\" href=\"https:\/\/www.anna-forsberg.se\/tomater-odling-skord-foradling-2023\/\" style=\"background-color:#006633\"><strong><strong>G\u00e5 til artikkelen<\/strong><\/strong><\/a><\/div>\n<\/div>\n\n\n\n<div style=\"height:76px\" aria-hidden=\"true\" class=\"wp-block-spacer\"><\/div>\n\n\n\n<h5 class=\"wp-block-heading\"><em><mark style=\"background-color:rgba(0, 0, 0, 0);color:#3e4041\" class=\"has-inline-color\"><em><mark style=\"background-color:rgba(0, 0, 0, 0);color:#3e4041\" class=\"has-inline-color\">21 <em><mark style=\"background-color:rgba(0, 0, 0, 0);color:#3e4041\" class=\"has-inline-color\"><em><mark style=\"background-color:rgba(0, 0, 0, 0);color:#3e4041\" class=\"has-inline-color\">juli<\/mark><\/em><\/mark><\/em> 2023 <\/mark><\/em> <\/mark><\/em>&#8211; Pastitsio \u2013 Grekisk lasagne<\/h5>\n\n\n\n<p>Det h\u00e4r \u00e4r Greklands motsvarighet till Italiens lasagne, det tar sin lilla tid att laga men det \u00e4r s\u00e5 v\u00e4rt det och det blir m\u00e5nga portioner.<\/p>\n\n\n\n<div class=\"wp-block-buttons is-layout-flex wp-block-buttons-is-layout-flex\">\n<div class=\"wp-block-button\"><a class=\"wp-block-button__link has-background wp-element-button\" href=\"https:\/\/tinagustafsson.com\/recept\/pastitsio-grekisk-lasagne\/\" style=\"background-color:#006633\"><strong><strong>G\u00e5 til artikkelen<\/strong><\/strong><\/a><\/div>\n\n\n\n<div class=\"wp-block-button\"><a class=\"wp-block-button__link has-background wp-element-button\" href=\"https:\/\/ilovefruitandvegfromeurope.com\/wp-content\/uploads\/2023\/11\/Pastitsio-\u2013-Grekisk-lasagne.pdf\" style=\"background-color:#006633\"><strong>tinagustafsson.com &#8211; PDF<\/strong><\/a><\/div>\n<\/div>\n\n\n\n<div style=\"height:76px\" aria-hidden=\"true\" class=\"wp-block-spacer\"><\/div>\n\n\n\n<h5 class=\"wp-block-heading\"><em><mark style=\"background-color:rgba(0, 0, 0, 0);color:#3e4041\" class=\"has-inline-color\"><em><mark style=\"background-color:rgba(0, 0, 0, 0);color:#3e4041\" class=\"has-inline-color\">15 <em><mark style=\"background-color:rgba(0, 0, 0, 0);color:#3e4041\" class=\"has-inline-color\"><em><mark style=\"background-color:rgba(0, 0, 0, 0);color:#3e4041\" class=\"has-inline-color\">juli<\/mark><\/em><\/mark><\/em> 2023 <\/mark><\/em> <\/mark><\/em>&#8211; Sparo: 2 x torsk<\/h5>\n\n\n\n<p>Politisk shopping har jag skrivit om tidigare, t ex n\u00e4r Aftonbladets Anders Lindberg gjorde (ofrivillig?) reklam f\u00f6r ett vin. Dagens exempel tycker jag har en dimension till.<\/p>\n\n\n\n<div class=\"wp-block-buttons is-layout-flex wp-block-buttons-is-layout-flex\">\n<div class=\"wp-block-button\"><a class=\"wp-block-button__link has-background wp-element-button\" href=\"https:\/\/sparosverige.blogspot.com\/2023\/07\/2-x-torsk.html\" style=\"background-color:#006633\"><strong><strong>G\u00e5 til artikkelen<\/strong><\/strong><\/a><\/div>\n\n\n\n<div class=\"wp-block-button\"><a class=\"wp-block-button__link has-background wp-element-button\" href=\"https:\/\/ilovefruitandvegfromeurope.com\/wp-content\/uploads\/2023\/11\/Sparo-2-x-torsk.pdf\" style=\"background-color:#006633\"><strong>sparosverige.blogspot.com &#8211; PDF<\/strong><\/a><\/div>\n<\/div>\n\n\n\n<div style=\"height:76px\" aria-hidden=\"true\" class=\"wp-block-spacer\"><\/div>\n\n\n\n<h5 class=\"wp-block-heading\"><em><mark style=\"background-color:rgba(0, 0, 0, 0);color:#3e4041\" class=\"has-inline-color\"><em><mark style=\"background-color:rgba(0, 0, 0, 0);color:#3e4041\" class=\"has-inline-color\">11 <em><mark style=\"background-color:rgba(0, 0, 0, 0);color:#3e4041\" class=\"has-inline-color\"><em><mark style=\"background-color:rgba(0, 0, 0, 0);color:#3e4041\" class=\"has-inline-color\">juli<\/mark><\/em><\/mark><\/em> 2023 <\/mark><\/em> <\/mark><\/em>&#8211; Dagens lunch<\/h5>\n\n\n\n<p>Kokade ris som jag sedan stekte l\u00e4tt ihop med konserverade tomater, tonfisk och \u00e4rter. Kryddade med curry. Desserten blev v\u00e4ldigt god med ananas spetsad med lite honung.<\/p>\n\n\n\n<div class=\"wp-block-buttons is-layout-flex wp-block-buttons-is-layout-flex\">\n<div class=\"wp-block-button\"><a class=\"wp-block-button__link has-background wp-element-button\" href=\"https:\/\/www.bridget.se\/dagens-lunch-9\/\" style=\"background-color:#006633\"><strong><strong>G\u00e5 til artikkelen<\/strong><\/strong><\/a><\/div>\n\n\n\n<div class=\"wp-block-button\"><a class=\"wp-block-button__link has-background wp-element-button\" href=\"https:\/\/ilovefruitandvegfromeurope.com\/wp-content\/uploads\/2023\/11\/Dagens-lunch-.pdf\" style=\"background-color:#006633\"><strong>bridget.se &#8211; PDF<\/strong><\/a><\/div>\n<\/div>\n\n\n\n<div style=\"height:76px\" aria-hidden=\"true\" class=\"wp-block-spacer\"><\/div>\n\n\n\n<h5 class=\"wp-block-heading\"><em><mark style=\"background-color:rgba(0, 0, 0, 0);color:#3e4041\" class=\"has-inline-color\"><em><mark style=\"background-color:rgba(0, 0, 0, 0);color:#3e4041\" class=\"has-inline-color\">29 <em><mark style=\"background-color:rgba(0, 0, 0, 0);color:#3e4041\" class=\"has-inline-color\"><em><mark style=\"background-color:rgba(0, 0, 0, 0);color:#3e4041\" class=\"has-inline-color\">juli<\/mark><\/em><\/mark><\/em> 2023 <\/mark><\/em> <\/mark><\/em>&#8211; Timjan, tupp och t\u00e5rta \u2013 Hetta och svalka<\/h5>\n\n\n\n<p>Kocken Lisa Lemke bjuder hem v\u00e4nner till sin by utanf\u00f6r Falkenberg. Tillsammans lagar de mat och ger tips s\u00e5 att du blir en b\u00e4ttre hemmakock.<\/p>\n\n\n\n<div class=\"wp-block-buttons is-layout-flex wp-block-buttons-is-layout-flex\">\n<div class=\"wp-block-button\"><a class=\"wp-block-button__link has-background wp-element-button\" href=\"https:\/\/www.svtplay.se\/video\/KwRWYaj\/timjan-tupp-och-tarta\/hetta-och-svalka\" style=\"background-color:#006633\"><strong><strong>G\u00e5 til artikkelen<\/strong><\/strong><\/a><\/div>\n\n\n\n<div class=\"wp-block-button\"><a class=\"wp-block-button__link has-background wp-element-button\" href=\"https:\/\/ilovefruitandvegfromeurope.com\/wp-content\/uploads\/2023\/11\/Timjan-tupp-och-tarta-\u2013-Hetta-och-svalka.pdf\" style=\"background-color:#006633\"><strong>svtplay.se &#8211; PDF<\/strong><\/a><\/div>\n<\/div>\n\n\n\n<div style=\"height:76px\" aria-hidden=\"true\" class=\"wp-block-spacer\"><\/div>\n\n\n\n<h5 class=\"wp-block-heading\"><em><mark style=\"background-color:rgba(0, 0, 0, 0);color:#3e4041\" class=\"has-inline-color\"><em><mark style=\"background-color:rgba(0, 0, 0, 0);color:#3e4041\" class=\"has-inline-color\">29 <em><mark style=\"background-color:rgba(0, 0, 0, 0);color:#3e4041\" class=\"has-inline-color\"><em><mark style=\"background-color:rgba(0, 0, 0, 0);color:#3e4041\" class=\"has-inline-color\">juni<\/mark><\/em><\/mark><\/em> 2023 <\/mark><\/em> <\/mark><\/em>&#8211; L&#8217;estate di &laquo;I love fruit &amp; veg from Europe&raquo;: abbronzatura da urlo mangiando frutta e verdura. In tavola macedonie, frullati e insalate<\/h5>\n\n\n\n<p>Nella top list dei cibi da consumare per ottenere una tintarella perfetta, al primo posto ovviamente spicca la carota, ma ci sono anche altri frutti come le albicocche, le pesche i meloni, dal colore tendente all&#8217;arancione, che sono ricchi di betacarotene, detto anche &laquo;provitamina A&raquo;, che stimola la produzione di melanina ed \u00e8 un ottimo alleato per contrastare l&#8217;azione dei raggi solari sulla pelle.<\/p>\n\n\n\n<div class=\"wp-block-buttons is-layout-flex wp-block-buttons-is-layout-flex\">\n<div class=\"wp-block-button\"><a class=\"wp-block-button__link has-background wp-element-button\" href=\"https:\/\/www.informazione.it\/c\/74A7D0D8-7360-4F0F-A726-EE1EB2F2570B\/L-estate-di-I-love-fruit-veg-from-Europe-abbronzatura-da-urlo-mangiando-frutta-e-verdura-In-tavola-macedonie-frullati-e-insalate\" style=\"background-color:#006633\" target=\"_blank\" rel=\"noreferrer noopener\"><strong><strong>G\u00e5 til artikkelen<\/strong><\/strong><\/a><\/div>\n\n\n\n<div class=\"wp-block-button\"><a class=\"wp-block-button__link has-background wp-element-button\" href=\"https:\/\/ilovefruitandvegfromeurope.com\/wp-content\/uploads\/2023\/10\/Lestate-di-22I-love-fruit-veg-from-Europe22-abbronzatura-da-urlo-mangiando-frutta-e-verdura.-In-tavola-macedonie-frullati-e-insalate-1-2.pdf\" style=\"background-color:#006633\" target=\"_blank\" rel=\"noreferrer noopener\"><strong>informazione.it &#8211; PDF<\/strong><\/a><\/div>\n<\/div>\n\n\n\n<div style=\"height:76px\" aria-hidden=\"true\" class=\"wp-block-spacer\"><\/div>\n\n\n\n<h5 class=\"wp-block-heading\"><em><mark style=\"background-color:rgba(0, 0, 0, 0);color:#3e4041\" class=\"has-inline-color\"><em><mark style=\"background-color:rgba(0, 0, 0, 0);color:#3e4041\" class=\"has-inline-color\">29 <em><mark style=\"background-color:rgba(0, 0, 0, 0);color:#3e4041\" class=\"has-inline-color\"><em><mark style=\"background-color:rgba(0, 0, 0, 0);color:#3e4041\" class=\"has-inline-color\">juni<\/mark><\/em><\/mark><\/em> 2023 <\/mark><\/em> <\/mark><\/em>&#8211; L&#8217;estate di &laquo;I love fruit &amp; veg from Europe&raquo;: abbronzatura da urlo mangiando frutta e verdura. In tavola macedonie, frullati e insalate<\/h5>\n\n\n\n<p>Il programma che promuove il consumo di ortofrutta italiana ed europea invita a mangiare carote, albicocche, pesche, peperoni, pomodori, ciliegie per una tintarella sana e naturale.<\/p>\n\n\n\n<div class=\"wp-block-buttons is-layout-flex wp-block-buttons-is-layout-flex\">\n<div class=\"wp-block-button\"><a class=\"wp-block-button__link has-background wp-element-button\" href=\"https:\/\/www.adnkronos.com\/immediapress\/salute-benessere\/lestate-di-i-love-fruit-e-veg-from-europe-abbronzatura-da-urlo-mangiando-frutta-e-verdura-in-tavola-macedonie-frullati-e-insalate_5VQzLFX0Tw2l6Wpva1ztlL\" style=\"background-color:#006633\" target=\"_blank\" rel=\"noreferrer noopener\"><strong><strong>G\u00e5 til artikkelen<\/strong><\/strong><\/a><\/div>\n\n\n\n<div class=\"wp-block-button\"><a class=\"wp-block-button__link has-background wp-element-button\" href=\"https:\/\/ilovefruitandvegfromeurope.com\/wp-content\/uploads\/2023\/10\/Lestate-di-22I-love-fruit-veg-from-Europe22-abbronzatura-da-urlo-mangiando-frutta-e-verdura.-In-tavola-macedonie-frullati-e-insalate-1-1.pdf\" style=\"background-color:#006633\" target=\"_blank\" rel=\"noreferrer noopener\"><strong>adnkronos.com &#8211; PDF<\/strong><\/a><\/div>\n<\/div>\n\n\n\n<div style=\"height:76px\" aria-hidden=\"true\" class=\"wp-block-spacer\"><\/div>\n\n\n\n<h5 class=\"wp-block-heading\"><em><mark style=\"background-color:rgba(0, 0, 0, 0);color:#3e4041\" class=\"has-inline-color\"><em><mark style=\"background-color:rgba(0, 0, 0, 0);color:#3e4041\" class=\"has-inline-color\">29 <em><mark style=\"background-color:rgba(0, 0, 0, 0);color:#3e4041\" class=\"has-inline-color\"><em><mark style=\"background-color:rgba(0, 0, 0, 0);color:#3e4041\" class=\"has-inline-color\">juni<\/mark><\/em><\/mark><\/em> 2023 <\/mark><\/em> <\/mark><\/em>&#8211; L\u2019estate di \u201cI love fruit &amp; veg from Europe\u201d: abbronzatura da urlo mangiando frutta e verdura. In tavola macedonie, frullati e insalate<\/h5>\n\n\n\n<p><em>Il programma che promuove il consumo di ortofrutta italiana ed europea invita a mangiare carote, albicocche, pesche, peperoni, pomodori, ciliegie per una tintarella sana e naturale.<\/em><\/p>\n\n\n\n<div class=\"wp-block-buttons is-layout-flex wp-block-buttons-is-layout-flex\">\n<div class=\"wp-block-button\"><a class=\"wp-block-button__link has-background wp-element-button\" href=\"https:\/\/it.benzinga.com\/2023\/06\/29\/lestate-di-i-love-fruit-veg-from-europe-abbronzatura-da-urlo-mangiando-frutta-e-verdura-in-tavola-macedonie-frullati-e-insalate\/\" style=\"background-color:#006633\" target=\"_blank\" rel=\"noreferrer noopener\"><strong><strong>G\u00e5 til artikkelen<\/strong><\/strong><\/a><\/div>\n\n\n\n<div class=\"wp-block-button\"><a class=\"wp-block-button__link has-background wp-element-button\" href=\"https:\/\/ilovefruitandvegfromeurope.com\/wp-content\/uploads\/2023\/10\/Lestate-di-I-love-fruit-veg-from-Europe-abbronzatura-da-urlo-mangiando-frutta-e-verdura.-In-tavola-macedonie-frullati-e-insalate-.pdf\" style=\"background-color:#006633\" target=\"_blank\" rel=\"noreferrer noopener\"><strong>benzinga.com &#8211; PDF<\/strong><\/a><\/div>\n<\/div>\n\n\n\n<div style=\"height:76px\" aria-hidden=\"true\" class=\"wp-block-spacer\"><\/div>\n\n\n\n<h5 class=\"wp-block-heading\"><em><mark style=\"background-color:rgba(0, 0, 0, 0);color:#3e4041\" class=\"has-inline-color\"><em><mark style=\"background-color:rgba(0, 0, 0, 0);color:#3e4041\" class=\"has-inline-color\">21 <em><mark style=\"background-color:rgba(0, 0, 0, 0);color:#3e4041\" class=\"has-inline-color\"><em><mark style=\"background-color:rgba(0, 0, 0, 0);color:#3e4041\" class=\"has-inline-color\">juni<\/mark><\/em><\/mark><\/em> 2023 <\/mark><\/em> <\/mark><\/em>&#8211; M\u00e4sterkocken: Alla f\u00e5r \u00e4ta precis vad de vill<\/h5>\n\n\n\n<p>Det finns ingen sk\u00e4msmat och det \u00e4r sk\u00f6nt att \u00e4ntligen v\u00e5ga f\u00f6lja sin dr\u00f6m. DA har tr\u00e4ffat Sveriges m\u00e4sterkock och tidigare svetsaren p\u00e5 Scania i Lule\u00e5, Nazuk Turdieva.<\/p>\n\n\n\n<div class=\"wp-block-buttons is-layout-flex wp-block-buttons-is-layout-flex\">\n<div class=\"wp-block-button\"><a class=\"wp-block-button__link has-background wp-element-button\" href=\"https:\/\/da.se\/2023\/06\/masterkocken-alla-far-ata-precis-vad-de-vill\/\" style=\"background-color:#006633\"><strong><strong>G\u00e5 til artikkelen<\/strong><\/strong><\/a><\/div>\n\n\n\n<div class=\"wp-block-button\"><a class=\"wp-block-button__link has-background wp-element-button\" href=\"https:\/\/ilovefruitandvegfromeurope.com\/wp-content\/uploads\/2023\/11\/Masterkocken-Alla-far-ata-precis-vad-de-vill-.pdf\" style=\"background-color:#006633\"><strong>da.se &#8211; PDF<\/strong><\/a><\/div>\n<\/div>\n\n\n\n<div style=\"height:76px\" aria-hidden=\"true\" class=\"wp-block-spacer\"><\/div>\n\n\n\n<h5 class=\"wp-block-heading\"><em><mark style=\"background-color:rgba(0, 0, 0, 0);color:#3e4041\" class=\"has-inline-color\"><em><mark style=\"background-color:rgba(0, 0, 0, 0);color:#3e4041\" class=\"has-inline-color\">8 maj<\/mark><\/em><\/mark><\/em> <em><mark style=\"background-color:rgba(0, 0, 0, 0);color:#3e4041\" class=\"has-inline-color\"><em><mark style=\"background-color:rgba(0, 0, 0, 0);color:#3e4041\" class=\"has-inline-color\">2023 <\/mark><\/em> <\/mark><\/em>&#8211; K\u00f6ttf\u00e4rss\u00e5s med champinjoner<\/h5>\n\n\n\n<p>K\u00f6ttf\u00e4rss\u00e5s recept med champinjoner \u00e4r en klassisk r\u00e4tt som jag varierar p\u00e5 m\u00e5nga olika s\u00e4tt.<\/p>\n\n\n\n<div class=\"wp-block-buttons is-layout-flex wp-block-buttons-is-layout-flex\">\n<div class=\"wp-block-button\"><a class=\"wp-block-button__link has-background wp-element-button\" href=\"http:\/\/matmedmera.eu\/kottfarssas-recept-pastasas-huvudratt\/\" style=\"background-color:#006633\"><strong><strong>G\u00e5 til artikkelen<\/strong><\/strong><\/a><\/div>\n\n\n\n<div class=\"wp-block-button\"><a class=\"wp-block-button__link has-background wp-element-button\" href=\"https:\/\/ilovefruitandvegfromeurope.com\/wp-content\/uploads\/2023\/11\/KOTTFARSSAS-MED-CHAMPINJONER.pdf\" style=\"background-color:#006633\"><strong>matmedmera.eu &#8211; PDF<\/strong><\/a><\/div>\n<\/div>\n\n\n\n<div style=\"height:76px\" aria-hidden=\"true\" class=\"wp-block-spacer\"><\/div>\n\n\n\n<h5 class=\"wp-block-heading\"><em><mark style=\"background-color:rgba(0, 0, 0, 0);color:#3e4041\" class=\"has-inline-color\"><em><mark style=\"background-color:rgba(0, 0, 0, 0);color:#3e4041\" class=\"has-inline-color\">9 <em><mark style=\"background-color:rgba(0, 0, 0, 0);color:#3e4041\" class=\"has-inline-color\"><em><mark style=\"background-color:rgba(0, 0, 0, 0);color:#3e4041\" class=\"has-inline-color\">april<\/mark><\/em><\/mark><\/em> 2023 <\/mark><\/em> <\/mark><\/em>&#8211; Framtidsinvesteringen: RFG Holdings &#8211; en sydafrikan till<\/h5>\n\n\n\n<p>Jag hamnar ofta i Sydafrika n\u00e4r jag letar bolag. I f\u00e5 l\u00e4nder d\u00e4r det g\u00e5r att handla fr\u00e5n Sverige kan man hitta s\u00e5 m\u00e5nga l\u00e5gv\u00e4rderade bolag med h\u00f6g kvalitet och fantastisk l\u00f6nsamhet.\u00a0<\/p>\n\n\n\n<div class=\"wp-block-buttons is-layout-flex wp-block-buttons-is-layout-flex\">\n<div class=\"wp-block-button\"><a class=\"wp-block-button__link has-background wp-element-button\" href=\"https:\/\/framtidsinvesteringen.blogspot.com\/2023\/04\/rfg-holdings-en-sydafrikan-till.html?m=1&quot;&gt;skrivit\" style=\"background-color:#006633\"><strong><strong>G\u00e5 til artikkelen<\/strong><\/strong><\/a><\/div>\n\n\n\n<div class=\"wp-block-button\"><a class=\"wp-block-button__link has-background wp-element-button\" href=\"https:\/\/ilovefruitandvegfromeurope.com\/wp-content\/uploads\/2023\/11\/Framtidsinvesteringen-RFG-Holdings-en-sydafrikan-till.pdf\" style=\"background-color:#006633\"><strong>framtidsinvesteringen.blogspot.com &#8211; PDF<\/strong><\/a><\/div>\n<\/div>\n\n\n\n<div style=\"height:76px\" aria-hidden=\"true\" class=\"wp-block-spacer\"><\/div>\n\n\n\n<h5 class=\"wp-block-heading\"><em><mark style=\"background-color:rgba(0, 0, 0, 0);color:#3e4041\" class=\"has-inline-color\"><em><mark style=\"background-color:rgba(0, 0, 0, 0);color:#3e4041\" class=\"has-inline-color\">9 <em><mark style=\"background-color:rgba(0, 0, 0, 0);color:#3e4041\" class=\"has-inline-color\"><em><mark style=\"background-color:rgba(0, 0, 0, 0);color:#3e4041\" class=\"has-inline-color\">april<\/mark><\/em><\/mark><\/em> 2023 <\/mark><\/em> <\/mark><\/em>&#8211; Framtidsinvesteringen<\/h5>\n\n\n\n<p>Jag hamnar ofta i Sydafrika n\u00e4r jag letar bolag. I f\u00e5 l\u00e4nder d\u00e4r det g\u00e5r att handla fr\u00e5n Sverige kan man hitta s\u00e5 m\u00e5nga l\u00e5gv\u00e4rderade bolag med h\u00f6g kvalitet och fantastisk l\u00f6nsamhet.&nbsp;<\/p>\n\n\n\n<div class=\"wp-block-buttons is-layout-flex wp-block-buttons-is-layout-flex\">\n<div class=\"wp-block-button\"><a class=\"wp-block-button__link has-background wp-element-button\" href=\"https:\/\/framtidsinvesteringen.blogspot.com\/2023\/04\/\" style=\"background-color:#006633\"><strong><strong>G\u00e5 til artikkelen<\/strong><\/strong><\/a><\/div>\n\n\n\n<div class=\"wp-block-button\"><a class=\"wp-block-button__link has-background wp-element-button\" href=\"https:\/\/ilovefruitandvegfromeurope.com\/wp-content\/uploads\/2023\/11\/Framtidsinvesteringen.pdf\" style=\"background-color:#006633\"><strong>framtidsinvesteringen.blogspot.com &#8211; PDF<\/strong><\/a><\/div>\n<\/div>\n\n\n\n<div style=\"height:76px\" aria-hidden=\"true\" class=\"wp-block-spacer\"><\/div>\n\n\n\n<h5 class=\"wp-block-heading\"><em><mark style=\"background-color:rgba(0, 0, 0, 0);color:#3e4041\" class=\"has-inline-color\"><em><mark style=\"background-color:rgba(0, 0, 0, 0);color:#3e4041\" class=\"has-inline-color\">5 <em><mark style=\"background-color:rgba(0, 0, 0, 0);color:#3e4041\" class=\"has-inline-color\"><em><mark style=\"background-color:rgba(0, 0, 0, 0);color:#3e4041\" class=\"has-inline-color\">april<\/mark><\/em><\/mark><\/em> 2023 <\/mark><\/em> <\/mark><\/em>&#8211; Pot du Vin, auberginegrat\u00e4ng &amp; gr\u00f6nsallad<\/h5>\n\n\n\n<p>Auberginegrat\u00e4ngen, Melanzane alla Parmigiana, m\u00e5 fr\u00e4mst kopplas till Italien men med tanke p\u00e5 majoriteten av ingredienserna s\u00e5 \u00e4r det precis lika mycket s\u00f6dra Frankrike \u00f6ver den mustiga anr\u00e4ttningen som vi h\u00e5ller som en av v\u00e5ra absoluta vegetariska favoritr\u00e4tter.<\/p>\n\n\n\n<div class=\"wp-block-buttons is-layout-flex wp-block-buttons-is-layout-flex\">\n<div class=\"wp-block-button\"><a class=\"wp-block-button__link has-background wp-element-button\" href=\"https:\/\/www.livetsgoda.se\/pot-du-vin-auberginegratang-gronsallad\/\" style=\"background-color:#006633\"><strong><strong>G\u00e5 til artikkelen<\/strong><\/strong><\/a><\/div>\n\n\n\n<div class=\"wp-block-button\"><a class=\"wp-block-button__link has-background wp-element-button\" href=\"https:\/\/ilovefruitandvegfromeurope.com\/wp-content\/uploads\/2023\/11\/Pot-du-Vin-auberginegratang-gronsallad-.pdf\" style=\"background-color:#006633\"><strong>livetsgoda.se &#8211; PDF<\/strong><\/a><\/div>\n<\/div>\n\n\n\n<div style=\"height:76px\" aria-hidden=\"true\" class=\"wp-block-spacer\"><\/div>\n\n\n\n<h5 class=\"wp-block-heading\"><em><mark style=\"background-color:rgba(0, 0, 0, 0);color:#3e4041\" class=\"has-inline-color\"><em><mark style=\"background-color:rgba(0, 0, 0, 0);color:#3e4041\" class=\"has-inline-color\">1 <em><mark style=\"background-color:rgba(0, 0, 0, 0);color:#3e4041\" class=\"has-inline-color\"><em><mark style=\"background-color:rgba(0, 0, 0, 0);color:#3e4041\" class=\"has-inline-color\">april<\/mark><\/em><\/mark><\/em> 2023 <\/mark><\/em> <\/mark><\/em>&#8211; Kyckling med tomats\u00e5s och pasta<\/h5>\n\n\n\n<p>Strimla kycklingen och fr\u00e4s den i h\u00e4lften av oljan tills den f\u00e5r f\u00e4rg. L\u00e4gg kycklingen \u00e5t sidan i en sk\u00e5l. Hacka l\u00f6k, vitl\u00f6k och chili, fr\u00e4s detta i resten av oljan tills den f\u00e5r lite f\u00e4rg. H\u00e4ll i vinet och l\u00e5t koka ihop n\u00e5gon minut. L\u00f6s upp buljongt\u00e4rningen i det heta vattnet och h\u00e4ll ner i stekpannan. Tills\u00e4tt tomaterna, blanda och l\u00e5t koka ihop ca 10 minuter.<\/p>\n\n\n\n<div class=\"wp-block-buttons is-layout-flex wp-block-buttons-is-layout-flex\">\n<div class=\"wp-block-button\"><a class=\"wp-block-button__link has-background wp-element-button\" href=\"https:\/\/duifokus.se\/mat-dryck\/kyckling-med-tomatsas-och-pasta\/\" style=\"background-color:#006633\"><strong><strong>G\u00e5 til artikkelen<\/strong><\/strong><\/a><\/div>\n\n\n\n<div class=\"wp-block-button\"><a class=\"wp-block-button__link has-background wp-element-button\" href=\"https:\/\/ilovefruitandvegfromeurope.com\/wp-content\/uploads\/2023\/11\/Kyckling-med-tomatsas-och-pasta.pdf\" style=\"background-color:#006633\"><strong>duifokus.se &#8211; PDF<\/strong><\/a><\/div>\n<\/div>\n\n\n\n<p><a href=\"https:\/\/duifokus.se\/mat-dryck\/kyckling-med-tomatsas-och-pasta\/\"><\/a><\/p>\n\n\n\n<div style=\"height:76px\" aria-hidden=\"true\" class=\"wp-block-spacer\"><\/div>\n\n\n\n<h5 class=\"wp-block-heading\"><em><mark style=\"background-color:rgba(0, 0, 0, 0);color:#3e4041\" class=\"has-inline-color\"><em><mark style=\"background-color:rgba(0, 0, 0, 0);color:#3e4041\" class=\"has-inline-color\">22 <em><mark style=\"background-color:rgba(0, 0, 0, 0);color:#3e4041\" class=\"has-inline-color\"><em><mark style=\"background-color:rgba(0, 0, 0, 0);color:#3e4041\" class=\"has-inline-color\">februar<\/mark><\/em><\/mark><\/em> 2023 <\/mark><\/em> <\/mark><\/em>&#8211; LE FIERE DEL CIBO IN EUROPA: IL VALORE SOCIO-ECONOMICO DELL\u2019INCONTRO VIVO TRA CULTURE<\/h5>\n\n\n\n<p>La strepitosa ripresa delle fiere internazionali del food \u00e8 il chiaro segnale che le relazioni commerciali online, ovviamente rinforzate durante la lunghissima fase pandemica, non bastano.<\/p>\n\n\n\n<div class=\"wp-block-buttons is-layout-flex wp-block-buttons-is-layout-flex\">\n<div class=\"wp-block-button\"><a class=\"wp-block-button__link has-background wp-element-button\" href=\"https:\/\/storiedipiantagrani.blog\/2023\/02\/22\/le-fiere-del-cibo-in-europa-il-valore-socio-economico-dellincontro-vivo-tra-culture\/\" style=\"background-color:#006633\" target=\"_blank\" rel=\"noreferrer noopener\"><strong><strong>G\u00e5 til artikkelen<\/strong><\/strong><\/a><\/div>\n\n\n\n<div class=\"wp-block-button\"><a class=\"wp-block-button__link has-background wp-element-button\" href=\"https:\/\/ilovefruitandvegfromeurope.com\/wp-content\/uploads\/2023\/10\/LE-FIERE-DEL-CIBO-IN-EUROPA-IL-VALORE-SOCIO-ECONOMICO-DELLINCONTRO-VIVO-TRA-CULTURE.pdf\" style=\"background-color:#006633\" target=\"_blank\" rel=\"noreferrer noopener\"><strong>storiedipiantagrani.blog &#8211; PDF<\/strong><\/a><\/div>\n<\/div>\n\n\n\n<div style=\"height:76px\" aria-hidden=\"true\" class=\"wp-block-spacer\"><\/div>\n\n\n\n<h5 class=\"wp-block-heading\"><em><mark style=\"background-color:rgba(0, 0, 0, 0);color:#3e4041\" class=\"has-inline-color\"><em><mark style=\"background-color:rgba(0, 0, 0, 0);color:#3e4041\" class=\"has-inline-color\">17 <em><mark style=\"background-color:rgba(0, 0, 0, 0);color:#3e4041\" class=\"has-inline-color\"><em><mark style=\"background-color:rgba(0, 0, 0, 0);color:#3e4041\" class=\"has-inline-color\">februar<\/mark><\/em><\/mark><\/em> 2023 <\/mark><\/em> <\/mark><\/em>&#8211; Tour europeo per Terra Orti: Berlino, Norimberga, Norvegia<\/h5>\n\n\n\n<p>In Scandinavia con I love fruit and veg from Europe, il progetto Ue promosso insieme alle Op Aoa e La Deliziosa<\/p>\n\n\n\n<p>Dopo il successo di&nbsp;<strong>Fruit Logistica<\/strong>&nbsp;a&nbsp;<strong>Berlino<\/strong>, continua il tour europeo di&nbsp;<strong>Terra Orti<\/strong>: in contemporanea dal 14 al 17 febbraio al&nbsp;<strong>Biofach di Norimberga<\/strong>&nbsp;nell\u2019ambito dell\u2019Italian Fruit Village e a&nbsp;<strong>Umami Arena<\/strong>&nbsp;a&nbsp;<strong>Lillestr\u00f8m in Norvegia<\/strong>&nbsp;con il progetto europeo<strong>&nbsp;I love fruit and veg from Europe.<\/strong><\/p>\n\n\n\n<div class=\"wp-block-buttons is-layout-flex wp-block-buttons-is-layout-flex\">\n<div class=\"wp-block-button\"><a class=\"wp-block-button__link has-background wp-element-button\" href=\"https:\/\/www.myfruit.it\/aziende\/2023\/02\/tour-europeo-per-terra-orti-berlino-norimberga-norvegia.html\" style=\"background-color:#006633\" target=\"_blank\" rel=\"noreferrer noopener\"><strong><strong>G\u00e5 til artikkelen<\/strong><\/strong><\/a><\/div>\n\n\n\n<div class=\"wp-block-button\"><a class=\"wp-block-button__link has-background wp-element-button\" href=\"https:\/\/ilovefruitandvegfromeurope.com\/wp-content\/uploads\/2023\/10\/Tour-europeo-per-Terra-Orti-Berlino-Norimberga-Norvegia-.pdf\" style=\"background-color:#006633\" target=\"_blank\" rel=\"noreferrer noopener\"><strong>MyFruit.it &#8211; PDF<\/strong><\/a><\/div>\n<\/div>\n\n\n\n<div style=\"height:76px\" aria-hidden=\"true\" class=\"wp-block-spacer\"><\/div>\n\n\n\n<h5 class=\"wp-block-heading\"><em><mark style=\"background-color:rgba(0, 0, 0, 0);color:#3e4041\" class=\"has-inline-color\"><em><mark style=\"background-color:rgba(0, 0, 0, 0);color:#3e4041\" class=\"has-inline-color\">12 januar 2023 <\/mark><\/em> <\/mark><\/em>&#8211; &laquo;I love fruit&amp;veg from Europe&raquo;: con il 2023 si inaugurano due ulteriori progetti<\/h5>\n\n\n\n<p>La Commissione Europea ha approvato ulteriori due programmi triennali di informazione e di promozione denominati &laquo;<em>European Fruit and Vegetables: Your Fresh and Sustainable Choice!<\/em>&raquo; presentato dalle Organizzazioni Produttori Agritalia, A.O.A., La Deliziosa, Meridia, Terra Orti.&nbsp;<\/p>\n\n\n\n<div class=\"wp-block-buttons is-layout-flex wp-block-buttons-is-layout-flex\">\n<div class=\"wp-block-button\"><a class=\"wp-block-button__link has-background wp-element-button\" href=\"https:\/\/www.freshplaza.it\/article\/9493650\/i-love-fruit-veg-from-europe-con-il-2023-si-inaugurano-due-ulteriori-progetti\/\" style=\"background-color:#006633\" target=\"_blank\" rel=\"noreferrer noopener\"><strong><strong>G\u00e5 til artikkelen<\/strong><\/strong><\/a><\/div>\n\n\n\n<div class=\"wp-block-button\"><a class=\"wp-block-button__link has-background wp-element-button\" href=\"https:\/\/ilovefruitandvegfromeurope.com\/wp-content\/uploads\/2023\/10\/22I-love-fruitveg-from-Europe22-con-il-2023-si-inaugurano-due-ulteriori-progetti-1-1.pdf\" style=\"background-color:#006633\" target=\"_blank\" rel=\"noreferrer noopener\"><strong>freshplaza.it &#8211; PDF<\/strong><\/a><\/div>\n<\/div>\n\n\n\n<div style=\"height:76px\" aria-hidden=\"true\" class=\"wp-block-spacer\"><\/div>\n\n\n\n<h5 class=\"wp-block-heading\"><em><mark style=\"background-color:rgba(0, 0, 0, 0);color:#3e4041\" class=\"has-inline-color\"><em><mark style=\"background-color:rgba(0, 0, 0, 0);color:#3e4041\" class=\"has-inline-color\">29 august 2022 <\/mark><\/em> <\/mark><\/em>&#8211; S\u00e5nn reduserer du matbudsjettet<\/h5>\n\n\n\n<p>OSLO, NORWAY, August 29, 2022 \/<a href=\"http:\/\/www.einpresswire.com\/\" target=\"_blank\" rel=\"noreferrer noopener\">EINPresswire.com<\/a>\/ &#8212; Med \u00f8kte rentekostnader, og str\u00f8m-og matvarepriser som skyter i v\u00e6ret g\u00e5r mange nordmenn h\u00f8sten i m\u00f8te med \u00f8konomisk usikkerhet. Heldigvis finnes det grep man kan ta for \u00e5 f\u00e5 kontroll p\u00e5 noen av utgiftene og et godt sted \u00e5 begynne er matskapet.<\/p>\n\n\n\n<div class=\"wp-block-buttons is-layout-flex wp-block-buttons-is-layout-flex\">\n<div class=\"wp-block-button\"><a class=\"wp-block-button__link has-background wp-element-button\" href=\"https:\/\/www.businesstimesjournal.com\/article\/588293604-s-nn-reduserer-du-matbudsjettet\" style=\"background-color:#006633\" target=\"_blank\" rel=\"noreferrer noopener\"><strong><strong>G\u00e5 til artikkelen<\/strong><\/strong><\/a><\/div>\n\n\n\n<div class=\"wp-block-button\"><a class=\"wp-block-button__link has-background wp-element-button\" href=\"https:\/\/ilovefruitandvegfromeurope.com\/wp-content\/uploads\/2023\/04\/Sann-reduserer-du-matbudsjettet.pdf\" style=\"background-color:#006633\" target=\"_blank\" rel=\"noreferrer noopener\"><strong>businesstimesjournal.com &#8211; PDF<\/strong><\/a><\/div>\n<\/div>\n\n\n\n<div style=\"height:76px\" aria-hidden=\"true\" class=\"wp-block-spacer\"><\/div>\n\n\n\n<h5 class=\"wp-block-heading\"><em><mark style=\"background-color:rgba(0, 0, 0, 0);color:#3e4041\" class=\"has-inline-color\"><em><mark style=\"background-color:rgba(0, 0, 0, 0);color:#3e4041\" class=\"has-inline-color\">26 august 2022 <\/mark><\/em> <\/mark><\/em>&#8211; BLI KREATIV MED MATPAKKEN<\/h5>\n\n\n\n<p>OSLO, NORWAY , August 26, 2022 \/<a href=\"http:\/\/www.einpresswire.com\/\" target=\"_blank\" rel=\"noreferrer noopener\">EINPresswire.com<\/a>\/ &#8212; Den norske matpakken er et verdenskjent fenomen, og har n\u00e6rmest blitt et varemerke for hva det vil si \u00e5 v\u00e6re norsk. Bli inspirert til \u00e5 bytte ut t\u00f8rre br\u00f8dskiver med spennende frukt og gr\u00f8nt.<\/p>\n\n\n\n<div class=\"wp-block-buttons is-layout-flex wp-block-buttons-is-layout-flex\">\n<div class=\"wp-block-button\"><a class=\"wp-block-button__link has-background wp-element-button\" href=\"https:\/\/www.journaloffoodandbeverages.com\/article\/587859361-bli-kreativ-med-matpakken\" style=\"background-color:#006633\" target=\"_blank\" rel=\"noreferrer noopener\"><strong><strong>G\u00e5 til artikkelen<\/strong><\/strong><\/a><\/div>\n\n\n\n<div class=\"wp-block-button\"><a class=\"wp-block-button__link has-background wp-element-button\" href=\"https:\/\/ilovefruitandvegfromeurope.com\/wp-content\/uploads\/2023\/04\/BLI-KREATIV-MED-MATPAKKEN.pdf\" style=\"background-color:#006633\" target=\"_blank\" rel=\"noreferrer noopener\"><strong>journaloffoodandbeverages.com &#8211; PDF<\/strong><\/a><\/div>\n<\/div>\n\n\n\n<div style=\"height:76px\" aria-hidden=\"true\" class=\"wp-block-spacer\"><\/div>\n\n\n\n<h5 class=\"wp-block-heading\"><em><mark style=\"background-color:rgba(0, 0, 0, 0);color:#3e4041\" class=\"has-inline-color\"><em><mark style=\"background-color:rgba(0, 0, 0, 0);color:#3e4041\" class=\"has-inline-color\">14 <em><mark style=\"background-color:rgba(0, 0, 0, 0);color:#3e4041\" class=\"has-inline-color\"><em><mark style=\"background-color:rgba(0, 0, 0, 0);color:#3e4041\" class=\"has-inline-color\">april<\/mark><\/em><\/mark><\/em> 2022 <\/mark><\/em> <\/mark><\/em>&#8211; \u201cI LOVE FRUIT AND VEG FROM EUROPE\u201d SBARCA A OSLO, ZURIGO E BERLINO<\/h5>\n\n\n\n<p>La campagna informativa e promozionale&nbsp;<strong>\u201cI love Fruit and Veg from Europe\u201d<\/strong>&nbsp;cofinanziata dalla commissione europea tramite la misura 1144, e realizzata da tre organizzazioni di produttori italiani, Terra Orti (capofila del progetto), A.O.A. e&nbsp; La Deliziosa ha vissuto una primavera di viaggi e conoscenza a cavallo di tre Paesi strategici per la promozione del consumo di frutta e ortaggi di qualit\u00e0:&nbsp;<strong>la<\/strong>&nbsp;<strong>Norvegia, la Svizzera e la Germania.<\/strong><\/p>\n\n\n\n<div class=\"wp-block-buttons is-layout-flex wp-block-buttons-is-layout-flex\">\n<div class=\"wp-block-button\"><a class=\"wp-block-button__link has-background wp-element-button\" href=\"http:\/\/www.corriereortofrutticolo.it\/2022\/04\/14\/love-fruit-and-veg-from-europe-sbarca-oslo-zurigo-berlino\/\" style=\"background-color:#006633\" target=\"_blank\" rel=\"noreferrer noopener\"><strong><strong>G\u00e5 til artikkelen<\/strong><\/strong><\/a><\/div>\n\n\n\n<div class=\"wp-block-button\"><a class=\"wp-block-button__link has-background wp-element-button\" href=\"https:\/\/ilovefruitandvegfromeurope.com\/wp-content\/uploads\/2023\/10\/I-LOVE-FRUIT-AND-VEG-FROM-EUROPE-SBARCA-A-OSLO-ZURIGO-E-BERLINO.pdf\" style=\"background-color:#006633\" target=\"_blank\" rel=\"noreferrer noopener\"><strong>corriereortofrutticolo.it &#8211; PDF<\/strong><\/a><\/div>\n<\/div>\n\n\n\n<div style=\"height:76px\" aria-hidden=\"true\" class=\"wp-block-spacer\"><\/div>\n\n\n\n<h5 class=\"wp-block-heading\"><em><mark style=\"background-color:rgba(0, 0, 0, 0);color:#3e4041\" class=\"has-inline-color\"><em><mark style=\"background-color:rgba(0, 0, 0, 0);color:#3e4041\" class=\"has-inline-color\">03 februar 2022 <\/mark><\/em> <\/mark><\/em>&#8211; OVERRASK KJ\u00c6RESTEN DIN MED DENNE DEILIGE MENYEN P\u00c5 VALENTINE&#8217;S DAY<\/h5>\n\n\n\n<p>Valentine\u00b4s Day er en perfekt dag \u00e5 skjemme bort kj\u00e6resten din. Overrask vedkommende med en deilig meny fra kampanjen \u00abI love fruit and veg from Europe\u00bb.<\/p>\n\n\n\n<div class=\"wp-block-buttons is-layout-flex wp-block-buttons-is-layout-flex\">\n<div class=\"wp-block-button\"><a class=\"wp-block-button__link has-background wp-element-button\" href=\"https:\/\/www.theeuropeangazette.com\/article\/562235221-overrask-kj-resten-din-med-denne-deilige-menyen-p-valentine-s-day\" style=\"background-color:#006633\" target=\"_blank\" rel=\"noreferrer noopener\"><strong><strong>G\u00e5 til artikkelen<\/strong><\/strong><\/a><\/div>\n\n\n\n<div class=\"wp-block-button\"><a class=\"wp-block-button__link has-background wp-element-button\" href=\"https:\/\/ilovefruitandvegfromeurope.com\/wp-content\/uploads\/2023\/04\/OVERRASK-KJAERESTEN-DIN-MED-DENNE-DEILIGE-MENYEN-PA-VALENTINES-DAY.pdf\" style=\"background-color:#006633\" target=\"_blank\" rel=\"noreferrer noopener\"><strong>theeuropeangazette.com &#8211; PDF<\/strong><\/a><\/div>\n<\/div>\n\n\n\n<div style=\"height:76px\" aria-hidden=\"true\" class=\"wp-block-spacer\"><\/div>\n\n\n\n<h5 class=\"wp-block-heading\"><em><mark style=\"background-color:rgba(0, 0, 0, 0);color:#3e4041\" class=\"has-inline-color\"><em><mark style=\"background-color:rgba(0, 0, 0, 0);color:#3e4041\" class=\"has-inline-color\">17 januar 2022 <\/mark><\/em> <\/mark><\/em>&#8211; Ti tips for et sunnere kosthold<\/h5>\n\n\n\n<p>\u00c5 spise mer frukt og gr\u00f8nt er en god plan, men det er like viktig \u00e5 tillate seg noen godbiter n\u00e5r helgen kommer.<\/p>\n\n\n\n<p>Det er ingen bedre tid for \u00e5 ta fatt p\u00e5 nye vaner, som \u00e5 spise mer frukt og gr\u00f8nt, enn begynnelsen av et nytt \u00e5r. Tipsene under vil hjelpe deg \u00e5 f\u00e5 en sunn og enkel start p\u00e5 \u00e5ret og tilrettelegge for gode spisevaner i 2022.<\/p>\n\n\n\n<div class=\"wp-block-buttons is-layout-flex wp-block-buttons-is-layout-flex\">\n<div class=\"wp-block-button\"><a class=\"wp-block-button__link has-background wp-element-button\" href=\"https:\/\/f7.no\/ti-tips-for-et-sunnere-kosthold\/\" style=\"background-color:#006633\" target=\"_blank\" rel=\"noreferrer noopener\"><strong><strong>G\u00e5 til artikkelen<\/strong><\/strong><\/a><\/div>\n\n\n\n<div class=\"wp-block-button\"><a class=\"wp-block-button__link has-background wp-element-button\" href=\"https:\/\/ilovefruitandvegfromeurope.com\/wp-content\/uploads\/2023\/04\/Ti-tips-for-et-sunnere-kosthold.pdf\" style=\"background-color:#006633\" target=\"_blank\" rel=\"noreferrer noopener\"><strong>f7.no &#8211; PDF<\/strong><\/a><\/div>\n<\/div>\n\n\n\n<div style=\"height:76px\" aria-hidden=\"true\" class=\"wp-block-spacer\"><\/div>\n\n\n\n<h5 class=\"wp-block-heading\"><em><mark style=\"background-color:rgba(0, 0, 0, 0);color:#3e4041\" class=\"has-inline-color\"><em><mark style=\"background-color:rgba(0, 0, 0, 0);color:#3e4041\" class=\"has-inline-color\">23 desember 2021 <\/mark><\/em> <\/mark><\/em>&#8211; <strong>Lei av svinekj\u00f8tt allerede?&nbsp; &#8211; Pr\u00f8v disse<\/strong><\/h5>\n\n\n\n<p>H\u00f8ydepunktene i h\u00f8ytiden er jule- og nytt\u00e5rsmiddagene. Den tradisjonelle norske julematen inneholder ikke mye frukt, b\u00e6r og gr\u00f8nnsaker.<\/p>\n\n\n\n<p>Hvorfor ikke se bort fra tradisjoner og tilberede nye og originale retter laget med innslag av frukt og gr\u00f8nt?<\/p>\n\n\n\n<div class=\"wp-block-buttons is-layout-flex wp-block-buttons-is-layout-flex\">\n<div class=\"wp-block-button\"><a class=\"wp-block-button__link has-background wp-element-button\" href=\"http:\/\/abcnyheter.no\/mat-og-drikke\/2021\/12\/23\/195812289\/lei-av-svinekjott-allerede-prov-disse\" style=\"background-color:#006633\" target=\"_blank\" rel=\"noreferrer noopener\"><strong><strong>G\u00e5 til artikkelen<\/strong><\/strong><\/a><\/div>\n\n\n\n<div class=\"wp-block-button\"><a class=\"wp-block-button__link has-background wp-element-button\" href=\"https:\/\/ilovefruitandvegfromeurope.com\/wp-content\/uploads\/2021\/12\/www.abcnyheter.no-2021.12.28-18_36_24.pdf\" style=\"background-color:#006633\" target=\"_blank\" rel=\"noreferrer noopener\"><strong>abcnyheter.no &#8211; PDF<\/strong><\/a><\/div>\n<\/div>\n\n\n\n<div style=\"height:76px\" aria-hidden=\"true\" class=\"wp-block-spacer\"><\/div>\n\n\n\n<h5 class=\"wp-block-heading\"><em><span style=\"color:#3e4041\" class=\"has-inline-color\">20 desember 2021 <\/span><\/em><strong>&#8211; EU satser p\u00e5 mer europeisk frukt og gr\u00f8nt i Norge<\/strong><\/h5>\n\n\n\n<p>Med \u00f8konomisk st\u00f8tte fra EU vil europeiske frukt- og gr\u00f8ntprodusenter styrke seg i det norske markedet. <\/p>\n\n\n\n<p>Med dagligvarebransjen, grossister, distribut\u00f8rer, import\u00f8rer og storhusholdning &nbsp;som sentrale m\u00e5lgrupper, st\u00f8tter EU kampanjen&nbsp;<a href=\"https:\/\/ilovefruitandvegfromeurope.com\/no\/\">\u00abI love fruit &amp; veg from Europe\u00bb<\/a>&nbsp;\u00f8konomisk.<\/p>\n\n\n\n<div class=\"wp-block-buttons is-layout-flex wp-block-buttons-is-layout-flex\">\n<div class=\"wp-block-button\"><a class=\"wp-block-button__link has-background wp-element-button\" href=\"https:\/\/matindustrien.no\/nyheter\/2021\/eu-satser-pa-mer-europeisk-frukt-og-gront-i-norge\" style=\"background-color:#006633\" target=\"_blank\" rel=\"noreferrer noopener\"><strong>G\u00e5 til artikkelen<\/strong><\/a><\/div>\n\n\n\n<div class=\"wp-block-button\"><a class=\"wp-block-button__link has-background wp-element-button\" href=\"https:\/\/ilovefruitandvegfromeurope.com\/wp-content\/uploads\/2021\/12\/matindustrien.no-2021.12.28-18_31_53.pdf\" style=\"background-color:#006633\" target=\"_blank\" rel=\"noreferrer noopener\"><strong>matindustrien.no &#8211; PDF<\/strong><\/a><\/div>\n<\/div>\n\n\n\n<div style=\"height:76px\" aria-hidden=\"true\" class=\"wp-block-spacer\"><\/div>\n\n\n\n<h5 class=\"wp-block-heading\"><em><span style=\"background-color:rgba(0, 0, 0, 0);color:#3e4041\" class=\"has-inline-color\">22 september 2021 <\/span><\/em><strong>&#8211; <\/strong>Consumiamo frutta e verdura fresche e di stagione!<\/h5>\n\n\n\n<p>L&#8217;importanza di mangiare frutta e verdura fresca e di stagione \u00e8 fondamentale per il nostro benessere fisico ma anche per dar vita a sistemi di agricoltura sostenibile e per ridurre gli sprechi.<\/p>\n\n\n\n<div class=\"wp-block-buttons is-layout-flex wp-block-buttons-is-layout-flex\">\n<div class=\"wp-block-button\"><a class=\"wp-block-button__link has-background wp-element-button\" href=\"https:\/\/www.lacucinaitaliana.it\/lifestyle\/ambiente\/frutta-verdura-fresche-di-stagione\/\" style=\"background-color:#006633\" target=\"_blank\" rel=\"noreferrer noopener\"><strong>G\u00e5 til artikkelen<\/strong><\/a><\/div>\n\n\n\n<div class=\"wp-block-button\"><a class=\"wp-block-button__link has-background wp-element-button\" href=\"https:\/\/ilovefruitandvegfromeurope.com\/wp-content\/uploads\/2023\/10\/Consumiamo-frutta-e-verdura-fresche-e-di-stagione-.pdf\" style=\"background-color:#006633\" target=\"_blank\" rel=\"noreferrer noopener\"><strong>lacucinaitaliana.it &#8211; PDF<\/strong><\/a><\/div>\n<\/div>\n\n\n\n<div style=\"height:76px\" aria-hidden=\"true\" class=\"wp-block-spacer\"><\/div>\n","protected":false},"excerpt":{"rendered":"<p>24 oktober 2023 &#8211; Radio clip from P4 \u00d6sterg\u00f6tland &#8211; Oct 24, 2023 g\u00e4ster, f\u00f6rst\u00e5s. H\u00e4r kommer alla k\u00e4nslorna p\u00e5 en och samma g\u00e5ng i en betoningen \u00e4r avsiktlig. Det \u00e4r s\u00e5 han sjunger. Jag vet inte om de hall\u2026 24 oktober 2023 &#8211; Radio clip from P4 \u00d6sterg\u00f6tland &#8211; Oct 24, 2023 Bak\u00e5t tittande<\/p>\n","protected":false},"author":1,"featured_media":9416,"parent":0,"menu_order":0,"comment_status":"closed","ping_status":"closed","template":"","meta":{"_acf_changed":false,"footnotes":""},"class_list":["post-11183","page","type-page","status-publish","has-post-thumbnail","hentry"],"acf":[],"yoast_head":"<!-- This site is optimized with the Yoast SEO plugin v24.1 - https:\/\/yoast.com\/wordpress\/plugins\/seo\/ -->\n<title>Presseanmeldelse I Love Fruit And Veg From Europe<\/title>\n<meta name=\"description\" content=\"I Love Fruit And Veg From Europe: Presseanmeldelse\" \/>\n<meta name=\"robots\" content=\"index, follow, max-snippet:-1, max-image-preview:large, max-video-preview:-1\" \/>\n<link rel=\"canonical\" href=\"https:\/\/ilovefruitandvegfromeurope.com\/no\/presseanmeldelse\/\" \/>\n<meta property=\"og:locale\" content=\"nb_NO\" \/>\n<meta property=\"og:type\" content=\"article\" \/>\n<meta property=\"og:title\" content=\"Presseanmeldelse I Love Fruit And Veg From Europe\" \/>\n<meta property=\"og:description\" content=\"I Love Fruit And Veg From Europe: Presseanmeldelse\" \/>\n<meta property=\"og:url\" content=\"https:\/\/ilovefruitandvegfromeurope.com\/no\/presseanmeldelse\/\" \/>\n<meta property=\"og:site_name\" content=\"I Love Fruit And Veg From Europe\" \/>\n<meta property=\"article:modified_time\" content=\"2023-11-02T02:16:48+00:00\" \/>\n<meta property=\"og:image\" content=\"https:\/\/ilovefruitandvegfromeurope.com\/wp-content\/uploads\/2021\/07\/Fruit-Veg-800x800-12.png\" \/>\n\t<meta property=\"og:image:width\" content=\"800\" \/>\n\t<meta property=\"og:image:height\" content=\"800\" \/>\n\t<meta property=\"og:image:type\" content=\"image\/png\" \/>\n<meta name=\"twitter:card\" content=\"summary_large_image\" \/>\n<meta name=\"twitter:label1\" content=\"Ansl. lesetid\" \/>\n\t<meta name=\"twitter:data1\" content=\"1 minutt\" \/>\n<script type=\"application\/ld+json\" class=\"yoast-schema-graph\">{\"@context\":\"https:\/\/schema.org\",\"@graph\":[{\"@type\":\"WebPage\",\"@id\":\"https:\/\/ilovefruitandvegfromeurope.com\/no\/presseanmeldelse\/\",\"url\":\"https:\/\/ilovefruitandvegfromeurope.com\/no\/presseanmeldelse\/\",\"name\":\"Presseanmeldelse I Love Fruit And Veg From Europe\",\"isPartOf\":{\"@id\":\"https:\/\/ilovefruitandvegfromeurope.com\/no\/#website\"},\"primaryImageOfPage\":{\"@id\":\"https:\/\/ilovefruitandvegfromeurope.com\/no\/presseanmeldelse\/#primaryimage\"},\"image\":{\"@id\":\"https:\/\/ilovefruitandvegfromeurope.com\/no\/presseanmeldelse\/#primaryimage\"},\"thumbnailUrl\":\"https:\/\/ilovefruitandvegfromeurope.com\/wp-content\/uploads\/2021\/07\/Fruit-Veg-800x800-12.png\",\"datePublished\":\"2021-09-10T09:00:18+00:00\",\"dateModified\":\"2023-11-02T02:16:48+00:00\",\"description\":\"I Love Fruit And Veg From Europe: Presseanmeldelse\",\"breadcrumb\":{\"@id\":\"https:\/\/ilovefruitandvegfromeurope.com\/no\/presseanmeldelse\/#breadcrumb\"},\"inLanguage\":\"nb-NO\",\"potentialAction\":[{\"@type\":\"ReadAction\",\"target\":[\"https:\/\/ilovefruitandvegfromeurope.com\/no\/presseanmeldelse\/\"]}]},{\"@type\":\"ImageObject\",\"inLanguage\":\"nb-NO\",\"@id\":\"https:\/\/ilovefruitandvegfromeurope.com\/no\/presseanmeldelse\/#primaryimage\",\"url\":\"https:\/\/ilovefruitandvegfromeurope.com\/wp-content\/uploads\/2021\/07\/Fruit-Veg-800x800-12.png\",\"contentUrl\":\"https:\/\/ilovefruitandvegfromeurope.com\/wp-content\/uploads\/2021\/07\/Fruit-Veg-800x800-12.png\",\"width\":800,\"height\":800,\"caption\":\"News I Love Fruit And Veg From Europe\"},{\"@type\":\"BreadcrumbList\",\"@id\":\"https:\/\/ilovefruitandvegfromeurope.com\/no\/presseanmeldelse\/#breadcrumb\",\"itemListElement\":[{\"@type\":\"ListItem\",\"position\":1,\"name\":\"Home\",\"item\":\"https:\/\/ilovefruitandvegfromeurope.com\/no\/\"},{\"@type\":\"ListItem\",\"position\":2,\"name\":\"Presseanmeldelse\"}]},{\"@type\":\"WebSite\",\"@id\":\"https:\/\/ilovefruitandvegfromeurope.com\/no\/#website\",\"url\":\"https:\/\/ilovefruitandvegfromeurope.com\/no\/\",\"name\":\"I Love Fruit And Veg From Europe\",\"description\":\"I Love Fruit And Veg From Europe: I Choose Fresh And Fair\",\"publisher\":{\"@id\":\"https:\/\/ilovefruitandvegfromeurope.com\/no\/#organization\"},\"potentialAction\":[{\"@type\":\"SearchAction\",\"target\":{\"@type\":\"EntryPoint\",\"urlTemplate\":\"https:\/\/ilovefruitandvegfromeurope.com\/no\/?s={search_term_string}\"},\"query-input\":{\"@type\":\"PropertyValueSpecification\",\"valueRequired\":true,\"valueName\":\"search_term_string\"}}],\"inLanguage\":\"nb-NO\"},{\"@type\":\"Organization\",\"@id\":\"https:\/\/ilovefruitandvegfromeurope.com\/no\/#organization\",\"name\":\"I Love Fruit And Veg From Europe\",\"url\":\"https:\/\/ilovefruitandvegfromeurope.com\/no\/\",\"logo\":{\"@type\":\"ImageObject\",\"inLanguage\":\"nb-NO\",\"@id\":\"https:\/\/ilovefruitandvegfromeurope.com\/no\/#\/schema\/logo\/image\/\",\"url\":\"https:\/\/ilovefruitandvegfromeurope.com\/wp-content\/uploads\/2021\/07\/logo.png\",\"contentUrl\":\"https:\/\/ilovefruitandvegfromeurope.com\/wp-content\/uploads\/2021\/07\/logo.png\",\"width\":248,\"height\":62,\"caption\":\"I Love Fruit And Veg From Europe\"},\"image\":{\"@id\":\"https:\/\/ilovefruitandvegfromeurope.com\/no\/#\/schema\/logo\/image\/\"}}]}<\/script>\n<!-- \/ Yoast SEO plugin. -->","yoast_head_json":{"title":"Presseanmeldelse I Love Fruit And Veg From Europe","description":"I Love Fruit And Veg From Europe: Presseanmeldelse","robots":{"index":"index","follow":"follow","max-snippet":"max-snippet:-1","max-image-preview":"max-image-preview:large","max-video-preview":"max-video-preview:-1"},"canonical":"https:\/\/ilovefruitandvegfromeurope.com\/no\/presseanmeldelse\/","og_locale":"nb_NO","og_type":"article","og_title":"Presseanmeldelse I Love Fruit And Veg From Europe","og_description":"I Love Fruit And Veg From Europe: Presseanmeldelse","og_url":"https:\/\/ilovefruitandvegfromeurope.com\/no\/presseanmeldelse\/","og_site_name":"I Love Fruit And Veg From Europe","article_modified_time":"2023-11-02T02:16:48+00:00","og_image":[{"width":800,"height":800,"url":"https:\/\/ilovefruitandvegfromeurope.com\/wp-content\/uploads\/2021\/07\/Fruit-Veg-800x800-12.png","type":"image\/png"}],"twitter_card":"summary_large_image","twitter_misc":{"Ansl. lesetid":"1 minutt"},"schema":{"@context":"https:\/\/schema.org","@graph":[{"@type":"WebPage","@id":"https:\/\/ilovefruitandvegfromeurope.com\/no\/presseanmeldelse\/","url":"https:\/\/ilovefruitandvegfromeurope.com\/no\/presseanmeldelse\/","name":"Presseanmeldelse I Love Fruit And Veg From Europe","isPartOf":{"@id":"https:\/\/ilovefruitandvegfromeurope.com\/no\/#website"},"primaryImageOfPage":{"@id":"https:\/\/ilovefruitandvegfromeurope.com\/no\/presseanmeldelse\/#primaryimage"},"image":{"@id":"https:\/\/ilovefruitandvegfromeurope.com\/no\/presseanmeldelse\/#primaryimage"},"thumbnailUrl":"https:\/\/ilovefruitandvegfromeurope.com\/wp-content\/uploads\/2021\/07\/Fruit-Veg-800x800-12.png","datePublished":"2021-09-10T09:00:18+00:00","dateModified":"2023-11-02T02:16:48+00:00","description":"I Love Fruit And Veg From Europe: Presseanmeldelse","breadcrumb":{"@id":"https:\/\/ilovefruitandvegfromeurope.com\/no\/presseanmeldelse\/#breadcrumb"},"inLanguage":"nb-NO","potentialAction":[{"@type":"ReadAction","target":["https:\/\/ilovefruitandvegfromeurope.com\/no\/presseanmeldelse\/"]}]},{"@type":"ImageObject","inLanguage":"nb-NO","@id":"https:\/\/ilovefruitandvegfromeurope.com\/no\/presseanmeldelse\/#primaryimage","url":"https:\/\/ilovefruitandvegfromeurope.com\/wp-content\/uploads\/2021\/07\/Fruit-Veg-800x800-12.png","contentUrl":"https:\/\/ilovefruitandvegfromeurope.com\/wp-content\/uploads\/2021\/07\/Fruit-Veg-800x800-12.png","width":800,"height":800,"caption":"News I Love Fruit And Veg From Europe"},{"@type":"BreadcrumbList","@id":"https:\/\/ilovefruitandvegfromeurope.com\/no\/presseanmeldelse\/#breadcrumb","itemListElement":[{"@type":"ListItem","position":1,"name":"Home","item":"https:\/\/ilovefruitandvegfromeurope.com\/no\/"},{"@type":"ListItem","position":2,"name":"Presseanmeldelse"}]},{"@type":"WebSite","@id":"https:\/\/ilovefruitandvegfromeurope.com\/no\/#website","url":"https:\/\/ilovefruitandvegfromeurope.com\/no\/","name":"I Love Fruit And Veg From Europe","description":"I Love Fruit And Veg From Europe: I Choose Fresh And Fair","publisher":{"@id":"https:\/\/ilovefruitandvegfromeurope.com\/no\/#organization"},"potentialAction":[{"@type":"SearchAction","target":{"@type":"EntryPoint","urlTemplate":"https:\/\/ilovefruitandvegfromeurope.com\/no\/?s={search_term_string}"},"query-input":{"@type":"PropertyValueSpecification","valueRequired":true,"valueName":"search_term_string"}}],"inLanguage":"nb-NO"},{"@type":"Organization","@id":"https:\/\/ilovefruitandvegfromeurope.com\/no\/#organization","name":"I Love Fruit And Veg From Europe","url":"https:\/\/ilovefruitandvegfromeurope.com\/no\/","logo":{"@type":"ImageObject","inLanguage":"nb-NO","@id":"https:\/\/ilovefruitandvegfromeurope.com\/no\/#\/schema\/logo\/image\/","url":"https:\/\/ilovefruitandvegfromeurope.com\/wp-content\/uploads\/2021\/07\/logo.png","contentUrl":"https:\/\/ilovefruitandvegfromeurope.com\/wp-content\/uploads\/2021\/07\/logo.png","width":248,"height":62,"caption":"I Love Fruit And Veg From Europe"},"image":{"@id":"https:\/\/ilovefruitandvegfromeurope.com\/no\/#\/schema\/logo\/image\/"}}]}},"_links":{"self":[{"href":"https:\/\/ilovefruitandvegfromeurope.com\/no\/wp-json\/wp\/v2\/pages\/11183","targetHints":{"allow":["GET"]}}],"collection":[{"href":"https:\/\/ilovefruitandvegfromeurope.com\/no\/wp-json\/wp\/v2\/pages"}],"about":[{"href":"https:\/\/ilovefruitandvegfromeurope.com\/no\/wp-json\/wp\/v2\/types\/page"}],"author":[{"embeddable":true,"href":"https:\/\/ilovefruitandvegfromeurope.com\/no\/wp-json\/wp\/v2\/users\/1"}],"replies":[{"embeddable":true,"href":"https:\/\/ilovefruitandvegfromeurope.com\/no\/wp-json\/wp\/v2\/comments?post=11183"}],"version-history":[{"count":35,"href":"https:\/\/ilovefruitandvegfromeurope.com\/no\/wp-json\/wp\/v2\/pages\/11183\/revisions"}],"predecessor-version":[{"id":31297,"href":"https:\/\/ilovefruitandvegfromeurope.com\/no\/wp-json\/wp\/v2\/pages\/11183\/revisions\/31297"}],"wp:featuredmedia":[{"embeddable":true,"href":"https:\/\/ilovefruitandvegfromeurope.com\/no\/wp-json\/wp\/v2\/media\/9416"}],"wp:attachment":[{"href":"https:\/\/ilovefruitandvegfromeurope.com\/no\/wp-json\/wp\/v2\/media?parent=11183"}],"curies":[{"name":"wp","href":"https:\/\/api.w.org\/{rel}","templated":true}]}}